{"id":36463,"date":"2026-06-25T12:05:02","date_gmt":"2026-06-25T08:05:02","guid":{"rendered":"https:\/\/dihad.org\/event\/?page_id=36463"},"modified":"2026-08-17T09:19:46","modified_gmt":"2026-08-17T05:19:46","slug":"executive-humanitarian-programme","status":"publish","type":"page","link":"https:\/\/dihad.org\/event\/executive-humanitarian-programme\/","title":{"rendered":"Executive Humanitarian Programme"},"content":{"rendered":"\t\t<div data-elementor-type=\"wp-page\" data-elementor-id=\"36463\" class=\"elementor elementor-36463\">\n\t\t\t\t<div class=\"elementor-element elementor-element-59f881cd e-flex e-con-boxed e-con e-parent\" data-id=\"59f881cd\" data-element_type=\"container\">\n\t\t\t\t\t<div class=\"e-con-inner\">\n\t\t\t\t<div class=\"elementor-element elementor-element-7c9158c elementor-widget elementor-widget-spacer\" data-id=\"7c9158c\" data-element_type=\"widget\" data-widget_type=\"spacer.default\">\n\t\t\t\t<div class=\"elementor-widget-container\">\n\t\t\t\t\t\t\t<div class=\"elementor-spacer\">\n\t\t\t<div class=\"elementor-spacer-inner\"><\/div>\n\t\t<\/div>\n\t\t\t\t\t\t<\/div>\n\t\t\t\t<\/div>\n\t\t\t\t<div class=\"elementor-element elementor-element-44fb3cee elementor-widget elementor-widget-text-editor\" data-id=\"44fb3cee\" data-element_type=\"widget\" data-widget_type=\"text-editor.default\">\n\t\t\t\t<div class=\"elementor-widget-container\">\n\t\t\t\t\t\t\t\t\t<div class=\"agenda__tabs\"><div class=\"agenda__tab\"><h5 class=\"agenda__link active\" data-id=\"1\">Sunday <br \/>\n                  <small>23 August 2026<\/small><\/h5><\/div>\n<div class=\"agenda__body\" data-tab=\"1\"><div><!-- session start -->\n\t\t\t\t\t\t\t<div class=\"card-custom card-custom-session\">\n\t\t\t\t\t\t\t<div class=\"card-custom-session__heading\">\n\t\t\t\t\t\t\t<div class=\"card-custom-session__wrapper\"><h5 class=\"card-custom-session__title \">Executive Humanitarian Programme<\/h5><p class=\"card-custom-session__description \"><\/p><div class=\"card-custom-session__speakers\"><\/div><div class=\"card-custom card-custom-agenda\">\n\t\t\t\t\t\t\t\t<div class=\"card-custom-agenda__details\"><h5 class=\"card-custom-agenda__title\">OPENING REMARKS AND OUTLINE OF THE PROGRAMME<\/h5><p class=\"card-custom-agenda__description\"><\/p><div class=\"card-custom-agenda__speakers\"><span><\/span><p class='card-custom-agenda__speaker'>\n\t\t\t<a href='#speakerModal33755' data-lity>Ms. Sajeda Shawa&nbsp;|&nbsp;<small>Head of United Nations Office for the Coordination of Humanitarian Affairs (UN OCHA) Office in the UAE<\/small><small class='ehome_speaker_country' style='display:none;'>&nbsp;| United Arab Emirates<\/small><\/a><\/p><!--speaker modal-->\n\t\t\t<div id='speakerModal33755' class='lity-hide litymodal'>\n\n\t\t\t\t\t<div class='speaker-wrapper'>\n\t\t\t\t\t\n\t\t\t\t\t<div class ='speaker-wrapper__heading'>\n\t\t\t\t\t<img class='speaker-wrapper__img' src='https:\/\/index-s3-images-static-content.s3.eu-west-1.amazonaws.com\/images\/speakers\/lBcYO2PTCupG51m4gBqa9epSDJovp1XtQHjI9ATI.png' alt='Sajeda'>\n\t\t\t\t\t\t\n\t\t\t\t\t\t<div class ='speaker-wrapper__subdetails'>\n\t\t\t\t\t\t<h5 class='speaker-wrapper__name'>Ms. Sajeda Shawa<\/h5>\n\t\t\t\t\t\t<h6 class='speaker-wrapper__title'>Head of United Nations Office for the Coordination of Humanitarian Affairs (UN OCHA) Office in the UAE<\/span> <span class='ehome_speaker_country' style='display:none;'>| United Arab Emirates<\/span><\/h6>\n\t\t\t\t\t\t<\/div>\n\t\t\t\t\t<\/div>\n\t\t\t\t\t\t<p class='speaker-wrapper__desc'>Sajeda Shawa is a seasoned humanitarian leader with 20 years of experience in international humanitarian affairs, known for her unwavering commitment to crisis response, donor engagement, strategic partnerships and humanitarian diplomacy. A passionate Arab female advocate for communities affected by conflict, she brings deep regional expertise and a results-driven approach to mobilizing resources and amplifying impact across the humanitarian-development nexus.\n\nIn February 2023, Ms. Shawa was appointed Head of the OCHA Office in the United Arab Emirates. In this capacity, she is responsible for strengthening humanitarian coordination, advancing humanitarian diplomacy, and integrating climate action and gender-responsive approaches\u2014particularly the empowerment of women in humanitarian settings\u2014into emergency response efforts. She also focuses on supporting national policies that elevate the role of  innovation, technology, and artificial intelligence to better serve communities in need during humanitarian crises. Additionally, Ms. Shawa serves as a Board Member of the Dubai International Scientific Advisory Board (DISAB), which supports the Dubai International Humanitarian Aid and Development Conference (DIHAD) as well as an Advisory board member in the public policy school at the university of Sharjah, reinforcing her leadership in high-level humanitarian policy dialogue and strategic partnerships within the region and beyond.\n\nPrior to her current role, Ms. Shawa played a pivotal role in the Syria Crisis response at OCHA\u2019s Regional Office, where she led donor relations and resource mobilization efforts. She served concurrently as Special Advisor to the UN Assistant Secretary-General and Regional Humanitarian Coordinator for the Syria Crisis, providing strategic counsel on donor engagement, advocacy, and regional humanitarian outreach. Before joining the United Nations, Ms. Shawa worked with the European Commission\u2019s Directorate-General for European Civil Protection and Humanitarian Aid Operations (ECHO), where she managed field operations and humanitarian programs in Iraq, Egypt, Libya, Jordan, and Syria. She later spearheaded ECHO\u2019s humanitarian outreach \nstrategy to the Gulf Cooperation Council countries, strengthening engagement with key actors in Saudi Arabia, the UAE, Kuwait, and Qatar. Earlier in her career, she contributed to USAID programs focused on humanitarian and development coordination with a specific focus on private sector engagement.\nBeyond her official roles, Ms. Shawa is an active voice for women\u2019s empowerment and social impact. She is a certified Board Director (IFC, 2022) and was featured among 45 Arab women role models in Empowering Through Healthy Living \u2013 Jordan 2020. She serves on the board of the International Federation of Business and Professional Women (BPW) and is a member of its Human Rights Committee. Additionally, she contributes as a mentor to several \nleadership and youth development initiatives, including the Global Thinkers Forum\u2019s Athena Mentorship Program and BPW Jordan\u2019s HIKMA Power Meetups.\nMs. Shawa is a graduate of Harvard Kennedy School\u2019s Executive Education Program, with specializations in Public Leadership, Leadership and Character in Uncertain Times, and Leadership through Storytelling and Action. She holds a Master\u2019s degree in International Studies, with a focus on humanitarian landscape in the Gulf region post-Arab Spring, and a Bachelor&#8217;s degree in English Language and Literature. A proud mother of teenagers, she is deeply \ncommitted to empowering youth and advancing global citizenship.<\/p>\n\t\t\t\t\t<\/div><div class='sessions'>\n\t\t\t\t\t\t<h5 class='sessions__title'>Sessions by this speaker<\/h5>\n\t\t\t\t\t\t\n\t\t\t<h6 class='sessions__day'>Sunday, 2026-08-23<\/h6>\n\n\t\t\t<div class='card-custom card-custom-agenda'>\n\t\t\t\t<div class='card-custom-agenda__details'>\n\t\t\t\t\t<h5 class='card-custom-agenda__title'>OPENING REMARKS AND OUTLINE OF THE PROGRAMME<\/h5>\n\t\t\t\t<\/div>\n\t\t\t\t\n\t\t\t\t<div class='card-custom-agenda__time'>\n\t\t\t\t<h4><i class='far fa-clock'><\/i>&nbsp; 09:00 &#8211; 09:10<\/h4>\n\t\t\t\t<\/div>\n\t\t\t<\/div>\n\t\t\t<h6 class='sessions__day'>Sunday, 2026-08-23<\/h6>\n\n\t\t\t<div class='card-custom card-custom-agenda'>\n\t\t\t\t<div class='card-custom-agenda__details'>\n\t\t\t\t\t<h5 class='card-custom-agenda__title'>CLOSING AND CERTIFICATE DISTRIBUTION<\/h5>\n\t\t\t\t<\/div>\n\t\t\t\t\n\t\t\t\t<div class='card-custom-agenda__time'>\n\t\t\t\t<h4><i class='far fa-clock'><\/i>&nbsp; 16:00 &#8211; 16:30<\/h4>\n\t\t\t\t<\/div>\n\t\t\t<\/div>\n\t\t\t<h6 class='sessions__day'>Sunday, 2026-08-23<\/h6>\n\n\t\t\t<div class='card-custom card-custom-agenda'>\n\t\t\t\t<div class='card-custom-agenda__details'>\n\t\t\t\t\t<h5 class='card-custom-agenda__title'>\u201cThe Role of Humanitarian Diplomacy in a Changing Landscape: Navigating the Humanitarian Reset\u201d<\/h5>\n\t\t\t\t<\/div>\n\t\t\t\t\n\t\t\t\t<div class='card-custom-agenda__time'>\n\t\t\t\t<h4><i class='far fa-clock'><\/i>&nbsp; 14:00 &#8211; 15:00<\/h4>\n\t\t\t\t<\/div>\n\t\t\t<\/div><\/div><div class='sessions'>\n\t\t\t\t\t\t<h5 class='sessions__title'>Lectures by this speaker<\/h5>\n\t\t\t\t\t\t\n\t\t\t\t\t\t<h6 class='sessions__day'>Sunday, 2026-08-23<\/h6>\n\t\t\t\t\t\t\n\t\t\t\t\t\t<div class='card-custom card-custom-agenda'>\n\t\t\t\t\t\t\t<div class='card-custom-agenda__details'>\n\t\t\t\t\t\t\t\t<h5 class='card-custom-agenda__title'>Opening Session<\/h5>\n\t\t\t\t\t\t\t<\/div>\n\t\t\t\t\t\t\t<div class='card-custom-agenda__time'>\n\t\t\t\t\t\t\t<h4><i class='far fa-clock'><\/i>&nbsp; 09:00 &#8211; 09:10<\/h4>\n\t\t\t\t\t\t\t<\/div>\n\t\t\t\t\t\t<\/div>\n\t\t\t\t\t\t<h6 class='sessions__day'>Sunday, 2026-08-23<\/h6>\n\t\t\t\t\t\t\n\t\t\t\t\t\t<div class='card-custom card-custom-agenda'>\n\t\t\t\t\t\t\t<div class='card-custom-agenda__details'>\n\t\t\t\t\t\t\t\t<h5 class='card-custom-agenda__title'>Closing Ceremony and Certificates Distribution<\/h5>\n\t\t\t\t\t\t\t<\/div>\n\t\t\t\t\t\t\t<div class='card-custom-agenda__time'>\n\t\t\t\t\t\t\t<h4><i class='far fa-clock'><\/i>&nbsp; 17:00 &#8211; 17:15<\/h4>\n\t\t\t\t\t\t\t<\/div>\n\t\t\t\t\t\t<\/div>\n\t\t\t\t\t\t<h6 class='sessions__day'>Sunday, 2026-08-23<\/h6>\n\t\t\t\t\t\t\n\t\t\t\t\t\t<div class='card-custom card-custom-agenda'>\n\t\t\t\t\t\t\t<div class='card-custom-agenda__details'>\n\t\t\t\t\t\t\t\t<h5 class='card-custom-agenda__title'>Opening Remarks and Outline of the programme<\/h5>\n\t\t\t\t\t\t\t<\/div>\n\t\t\t\t\t\t\t<div class='card-custom-agenda__time'>\n\t\t\t\t\t\t\t<h4><i class='far fa-clock'><\/i>&nbsp; 09:00 &#8211; 09:10<\/h4>\n\t\t\t\t\t\t\t<\/div>\n\t\t\t\t\t\t<\/div>\n\t\t\t\t\t\t<h6 class='sessions__day'>Sunday, 2026-08-23<\/h6>\n\t\t\t\t\t\t\n\t\t\t\t\t\t<div class='card-custom card-custom-agenda'>\n\t\t\t\t\t\t\t<div class='card-custom-agenda__details'>\n\t\t\t\t\t\t\t\t<h5 class='card-custom-agenda__title'>\u201cThe Role of Humanitarian Diplomacy in a Changing Landscape: Navigating the Humanitarian Reset\u201d<\/h5>\n\t\t\t\t\t\t\t<\/div>\n\t\t\t\t\t\t\t<div class='card-custom-agenda__time'>\n\t\t\t\t\t\t\t<h4><i class='far fa-clock'><\/i>&nbsp; 14:00 &#8211; 15:00<\/h4>\n\t\t\t\t\t\t\t<\/div>\n\t\t\t\t\t\t<\/div>\n\t\t\t\t\t\t<h6 class='sessions__day'>Sunday, 2026-08-23<\/h6>\n\t\t\t\t\t\t\n\t\t\t\t\t\t<div class='card-custom card-custom-agenda'>\n\t\t\t\t\t\t\t<div class='card-custom-agenda__details'>\n\t\t\t\t\t\t\t\t<h5 class='card-custom-agenda__title'>Closing and Certificate Distribution<\/h5>\n\t\t\t\t\t\t\t<\/div>\n\t\t\t\t\t\t\t<div class='card-custom-agenda__time'>\n\t\t\t\t\t\t\t<h4><i class='far fa-clock'><\/i>&nbsp; 16:00 &#8211; 16:30<\/h4>\n\t\t\t\t\t\t\t<\/div>\n\t\t\t\t\t\t<\/div>\n\t\t\t\t\t\t<h6 class='sessions__day'>Sunday, 2026-08-23<\/h6>\n\t\t\t\t\t\t\n\t\t\t\t\t\t<div class='card-custom card-custom-agenda'>\n\t\t\t\t\t\t\t<div class='card-custom-agenda__details'>\n\t\t\t\t\t\t\t\t<h5 class='card-custom-agenda__title'>OPENING REMARKS AND OUTLINE OF THE PROGRAMME<\/h5>\n\t\t\t\t\t\t\t<\/div>\n\t\t\t\t\t\t\t<div class='card-custom-agenda__time'>\n\t\t\t\t\t\t\t<h4><i class='far fa-clock'><\/i>&nbsp; 09:00 &#8211; 09:15<\/h4>\n\t\t\t\t\t\t\t<\/div>\n\t\t\t\t\t\t<\/div>\n\t\t\t\t\t\t<h6 class='sessions__day'>Sunday, 2026-08-23<\/h6>\n\t\t\t\t\t\t\n\t\t\t\t\t\t<div class='card-custom card-custom-agenda'>\n\t\t\t\t\t\t\t<div class='card-custom-agenda__details'>\n\t\t\t\t\t\t\t\t<h5 class='card-custom-agenda__title'>CLOSING AND CERTIFICATE DISTRIBUTION<\/h5>\n\t\t\t\t\t\t\t<\/div>\n\t\t\t\t\t\t\t<div class='card-custom-agenda__time'>\n\t\t\t\t\t\t\t<h4><i class='far fa-clock'><\/i>&nbsp; 16:30 &#8211; 17:00<\/h4>\n\t\t\t\t\t\t\t<\/div>\n\t\t\t\t\t\t<\/div><\/div><\/div><!--speaker modal - litty closing--><\/div><\/div><div class=\"card-custom-agenda__time\"><h4><i class=\"far fa-clock\"><\/i>&nbsp; 09:00 &#8211; 09:15<\/h4><\/div>     <\/div><!-- card-custom-agenda --><div class=\"card-custom card-custom-agenda\">\n\t\t\t\t\t\t\t\t<div class=\"card-custom-agenda__details\"><h5 class=\"card-custom-agenda__title\">WELCOME REMARKS<\/h5><p class=\"card-custom-agenda__description\"><\/p><div class=\"card-custom-agenda__speakers\"><span><\/span><p class='card-custom-agenda__speaker'>\n\t\t\t<a href='#speakerModal33873' data-lity>Eng. Khaled Al Attar&nbsp;|&nbsp;<small>Director-General, DIHAD Sustainable Organisation<\/small><small class='ehome_speaker_country' style='display:none;'>&nbsp;| United Arab Emirates<\/small><\/a><\/p><!--speaker modal-->\n\t\t\t<div id='speakerModal33873' class='lity-hide litymodal'>\n\n\t\t\t\t\t<div class='speaker-wrapper'>\n\t\t\t\t\t\n\t\t\t\t\t<div class ='speaker-wrapper__heading'>\n\t\t\t\t\t<img class='speaker-wrapper__img' src='https:\/\/index-s3-images-static-content.s3.eu-west-1.amazonaws.com\/images\/speakers\/n7IN1h9w1oVkPSNIW0w2ASm9SJ8nFhc3YSX7OIDD.png' alt='Khaled'>\n\t\t\t\t\t\t\n\t\t\t\t\t\t<div class ='speaker-wrapper__subdetails'>\n\t\t\t\t\t\t<h5 class='speaker-wrapper__name'>Eng. Khaled Al Attar<\/h5>\n\t\t\t\t\t\t<h6 class='speaker-wrapper__title'>Director-General, DIHAD Sustainable Organisation<\/span> <span class='ehome_speaker_country' style='display:none;'>| United Arab Emirates<\/span><\/h6>\n\t\t\t\t\t\t<\/div>\n\t\t\t\t\t<\/div>\n\t\t\t\t\t\t<p class='speaker-wrapper__desc'>Eng. Khaled Al Attar is the Director General of the DIHAD Sustainable Humanitarian Organisation, where he leads strategic initiatives across humanitarian action, education, and sustainable development. His portfolio includes the Dubai International Humanitarian Aid and Development Conference and Exhibition (DIHAD), a global platform bringing together governments, United Nations agencies, international organisations, NGOs, academia, and the private sector to advance humanitarian dialogue, partnerships, and action. He played a pivotal role in the development of the DIHAD Humanitarian College and the establishment of its first international Master\u2019s in Sustainable Humanitarian Action, contributing to the advancement of humanitarian education and the development of future leaders in the sector. As Director General of the Abdulsalam AlMadani Global Education Centre (AGEC), Eng. Al Attar also leads initiatives focused on education, innovation, entrepreneurship, and future-focused learning, creating platforms that strengthen individual and institutional capabilities and translate knowledge into meaningful impact. With more than two decades of experience spanning humanitarian action, education, leadership, and international development, Eng. Al Attar has contributed to initiatives that strengthen global cooperation, build institutional capacity, and foster sustainable solutions. His work is driven by a commitment to connecting knowledge, leadership, and partnerships with action to create lasting impact for communities and future generations.<\/p>\n\t\t\t\t\t<\/div><div class='sessions'>\n\t\t\t\t\t\t<h5 class='sessions__title'>Lectures by this speaker<\/h5>\n\t\t\t\t\t\t\n\t\t\t\t\t\t<h6 class='sessions__day'>Sunday, 2026-08-23<\/h6>\n\t\t\t\t\t\t\n\t\t\t\t\t\t<div class='card-custom card-custom-agenda'>\n\t\t\t\t\t\t\t<div class='card-custom-agenda__details'>\n\t\t\t\t\t\t\t\t<h5 class='card-custom-agenda__title'>WELCOME REMARKS<\/h5>\n\t\t\t\t\t\t\t<\/div>\n\t\t\t\t\t\t\t<div class='card-custom-agenda__time'>\n\t\t\t\t\t\t\t<h4><i class='far fa-clock'><\/i>&nbsp; 09:15 &#8211; 09:30<\/h4>\n\t\t\t\t\t\t\t<\/div>\n\t\t\t\t\t\t<\/div><\/div><\/div><!--speaker modal - litty closing--><\/div><\/div><div class=\"card-custom-agenda__time\"><h4><i class=\"far fa-clock\"><\/i>&nbsp; 09:15 &#8211; 09:30<\/h4><\/div>     <\/div><!-- card-custom-agenda --><div class=\"card-custom card-custom-agenda\">\n\t\t\t\t\t\t\t\t<div class=\"card-custom-agenda__details\"><h5 class=\"card-custom-agenda__title\">KEYNOTE ADDRESS<\/h5><p class=\"card-custom-agenda__description\"><\/p><div class=\"card-custom-agenda__speakers\"><span><\/span><p class='card-custom-agenda__speaker'>\n\t\t\t<a href='#speakerModal33745' data-lity>H.E. Tarek Mneymneh&nbsp;|&nbsp;<small>Ambassador of Lebanon to the UAE<\/small><small class='ehome_speaker_country' style='display:none;'>&nbsp;| United Arab Emirates<\/small><\/a><\/p><!--speaker modal-->\n\t\t\t<div id='speakerModal33745' class='lity-hide litymodal'>\n\n\t\t\t\t\t<div class='speaker-wrapper'>\n\t\t\t\t\t\n\t\t\t\t\t<div class ='speaker-wrapper__heading'>\n\t\t\t\t\t<img class='speaker-wrapper__img' src='https:\/\/index-s3-images-static-content.s3.eu-west-1.amazonaws.com\/images\/speakers\/FYch1qj3kWBLUEQDReya9ip2lBMp6VOs8EqTwfrq.png' alt='Tarek'>\n\t\t\t\t\t\t\n\t\t\t\t\t\t<div class ='speaker-wrapper__subdetails'>\n\t\t\t\t\t\t<h5 class='speaker-wrapper__name'>H.E. Tarek Mneymneh<\/h5>\n\t\t\t\t\t\t<h6 class='speaker-wrapper__title'>Ambassador of Lebanon to the UAE<\/span> <span class='ehome_speaker_country' style='display:none;'>| United Arab Emirates<\/span><\/h6>\n\t\t\t\t\t\t<\/div>\n\t\t\t\t\t<\/div>\n\t\t\t\t\t\t<p class='speaker-wrapper__desc'>Head of Legal with over 20 years of experience in corporate, commercial, and infrastructure law across the Middle East, Africa, and East Asia. Proven track record of leading multinational legal teams of 25+ lawyers, managing high-value negotiations, and advising on contracts worth 100M USD in the telecommunications and infrastructure sectors. Recognized for developing innovative legal strategies that promote peaceful dispute resolution, streamline commercial negotiations, and enhance organizational efficiency.\n\nOver the course of his career\u2014including more than a decade in the Gulf region\u2014 Tarek has managed complex legal affairs for multinational corporations across multiple jurisdictions. His extensive experience spans both public and private sectors, with expertise in contract negotiation, commercial agreements, arbitration, and dispute resolution. He has played a central role in numerous mediation proceedings and settlement agreements, ensuring favourable outcomes for all parties involved. He is also credited with designing and implementing innovative legal policies that integrate legal and executive functions within organizations, improving governance, operational efficiency, and transparency.<\/p>\n\t\t\t\t\t<\/div><div class='sessions'>\n\t\t\t\t\t\t<h5 class='sessions__title'>Sessions by this speaker<\/h5>\n\t\t\t\t\t\t\n\t\t\t<h6 class='sessions__day'>Sunday, 2026-08-23<\/h6>\n\n\t\t\t<div class='card-custom card-custom-agenda'>\n\t\t\t\t<div class='card-custom-agenda__details'>\n\t\t\t\t\t<h5 class='card-custom-agenda__title'>KEYNOTE ADDRESS<\/h5>\n\t\t\t\t<\/div>\n\t\t\t\t\n\t\t\t\t<div class='card-custom-agenda__time'>\n\t\t\t\t<h4><i class='far fa-clock'><\/i>&nbsp; 09:30 &#8211; 09:45<\/h4>\n\t\t\t\t<\/div>\n\t\t\t<\/div><\/div><div class='sessions'>\n\t\t\t\t\t\t<h5 class='sessions__title'>Lectures by this speaker<\/h5>\n\t\t\t\t\t\t\n\t\t\t\t\t\t<h6 class='sessions__day'>Sunday, 2026-08-23<\/h6>\n\t\t\t\t\t\t\n\t\t\t\t\t\t<div class='card-custom card-custom-agenda'>\n\t\t\t\t\t\t\t<div class='card-custom-agenda__details'>\n\t\t\t\t\t\t\t\t<h5 class='card-custom-agenda__title'>Keynote Address<\/h5>\n\t\t\t\t\t\t\t<\/div>\n\t\t\t\t\t\t\t<div class='card-custom-agenda__time'>\n\t\t\t\t\t\t\t<h4><i class='far fa-clock'><\/i>&nbsp; 09:30 &#8211; 09:45<\/h4>\n\t\t\t\t\t\t\t<\/div>\n\t\t\t\t\t\t<\/div>\n\t\t\t\t\t\t<h6 class='sessions__day'>Sunday, 2026-08-23<\/h6>\n\t\t\t\t\t\t\n\t\t\t\t\t\t<div class='card-custom card-custom-agenda'>\n\t\t\t\t\t\t\t<div class='card-custom-agenda__details'>\n\t\t\t\t\t\t\t\t<h5 class='card-custom-agenda__title'>Keynote Address<\/h5>\n\t\t\t\t\t\t\t<\/div>\n\t\t\t\t\t\t\t<div class='card-custom-agenda__time'>\n\t\t\t\t\t\t\t<h4><i class='far fa-clock'><\/i>&nbsp; 09:30 &#8211; 09:45<\/h4>\n\t\t\t\t\t\t\t<\/div>\n\t\t\t\t\t\t<\/div>\n\t\t\t\t\t\t<h6 class='sessions__day'>Sunday, 2026-08-23<\/h6>\n\t\t\t\t\t\t\n\t\t\t\t\t\t<div class='card-custom card-custom-agenda'>\n\t\t\t\t\t\t\t<div class='card-custom-agenda__details'>\n\t\t\t\t\t\t\t\t<h5 class='card-custom-agenda__title'>KEYNOTE ADDRESS<\/h5>\n\t\t\t\t\t\t\t<\/div>\n\t\t\t\t\t\t\t<div class='card-custom-agenda__time'>\n\t\t\t\t\t\t\t<h4><i class='far fa-clock'><\/i>&nbsp; 09:30 &#8211; 09:45<\/h4>\n\t\t\t\t\t\t\t<\/div>\n\t\t\t\t\t\t<\/div><\/div><\/div><!--speaker modal - litty closing--><\/div><\/div><div class=\"card-custom-agenda__time\"><h4><i class=\"far fa-clock\"><\/i>&nbsp; 09:30 &#8211; 09:45<\/h4><\/div>     <\/div><!-- card-custom-agenda --><div class=\"card-custom card-custom-agenda\">\n\t\t\t\t\t\t\t\t<div class=\"card-custom-agenda__details\"><h5 class=\"card-custom-agenda__title\">\u201cSetting the Tone: Living in an Era of Misinformation &#8211; How Political, Humanitarian, and Economic Agendas Interact\u201d<\/h5><p class=\"card-custom-agenda__description\"><\/p><div class=\"card-custom-agenda__speakers\"><span><\/span><p class='card-custom-agenda__speaker'>\n\t\t\t<a href='#speakerModal33874' data-lity>Ms. Maya Hojiej&nbsp;|&nbsp;<small>Senior Business Anchor &#8211; CNN Business Arabic<\/small><small class='ehome_speaker_country' style='display:none;'>&nbsp;| United Arab Emirates<\/small><\/a><\/p><!--speaker modal-->\n\t\t\t<div id='speakerModal33874' class='lity-hide litymodal'>\n\n\t\t\t\t\t<div class='speaker-wrapper'>\n\t\t\t\t\t\n\t\t\t\t\t<div class ='speaker-wrapper__heading'>\n\t\t\t\t\t<img class='speaker-wrapper__img' src='https:\/\/index-s3-images-static-content.s3.eu-west-1.amazonaws.com\/images\/speakers\/Vp4Jz93ErD81Do8BwMs0gYnBwUhzTsKExiRAGbFF.png' alt='Maya'>\n\t\t\t\t\t\t\n\t\t\t\t\t\t<div class ='speaker-wrapper__subdetails'>\n\t\t\t\t\t\t<h5 class='speaker-wrapper__name'>Ms. Maya Hojiej<\/h5>\n\t\t\t\t\t\t<h6 class='speaker-wrapper__title'>Senior Business Anchor &#8211; CNN Business Arabic<\/span> <span class='ehome_speaker_country' style='display:none;'>| United Arab Emirates<\/span><\/h6>\n\t\t\t\t\t\t<\/div>\n\t\t\t\t\t<\/div>\n\t\t\t\t\t\t<p class='speaker-wrapper__desc'>With more than two decades of expertise in media and communications, she has built a distinguished career working with leading international and regional news channels and contributing to major global events that support and empower the Middle East\u2019s business community. From the World Government Summit to the Women in Leadership Forum, she has taken the stage as a moderator and Master of Ceremonies at high-level gatherings attended by senior government officials and C-suite executives from leading global corporations.\n\nShe currently serves as a Senior Business News Presenter at Asharq News Services. Throughout her career in media, she has also held prominent roles as a Senior News Presenter and Chief\n\nEditor at Dubai TV, in addition to contributing to other leading media organizations, including Al Arabiya TV.<\/p>\n\t\t\t\t\t<\/div><div class='sessions'>\n\t\t\t\t\t\t<h5 class='sessions__title'>Lectures by this speaker<\/h5>\n\t\t\t\t\t\t\n\t\t\t\t\t\t<h6 class='sessions__day'>Sunday, 2026-08-23<\/h6>\n\t\t\t\t\t\t\n\t\t\t\t\t\t<div class='card-custom card-custom-agenda'>\n\t\t\t\t\t\t\t<div class='card-custom-agenda__details'>\n\t\t\t\t\t\t\t\t<h5 class='card-custom-agenda__title'>\u201cSetting the Tone: Living in an Era of Misinformation &#8211; How Political, Humanitarian, and Economic Agendas Interact\u201d<\/h5>\n\t\t\t\t\t\t\t<\/div>\n\t\t\t\t\t\t\t<div class='card-custom-agenda__time'>\n\t\t\t\t\t\t\t<h4><i class='far fa-clock'><\/i>&nbsp; 09:45 &#8211; 10:15<\/h4>\n\t\t\t\t\t\t\t<\/div>\n\t\t\t\t\t\t<\/div><\/div><\/div><!--speaker modal - litty closing--><\/div><\/div><div class=\"card-custom-agenda__time\"><h4><i class=\"far fa-clock\"><\/i>&nbsp; 09:45 &#8211; 10:15<\/h4><\/div>     <\/div><!-- card-custom-agenda --><div class=\"card-custom card-custom-agenda\">\n\t\t\t\t\t\t\t\t<div class=\"card-custom-agenda__details\"><h5 class=\"card-custom-agenda__title\">Coffee Break and Networking<\/h5><p class=\"card-custom-agenda__description\"><\/p><div class=\"card-custom-agenda__speakers\"><\/div><\/div><div class=\"card-custom-agenda__time\"><h4><i class=\"far fa-clock\"><\/i>&nbsp; 10:15 &#8211; 10:30<\/h4><\/div>     <\/div><!-- card-custom-agenda --><div class=\"card-custom card-custom-agenda\">\n\t\t\t\t\t\t\t\t<div class=\"card-custom-agenda__details\"><h5 class=\"card-custom-agenda__title\">\u201cTechnology, Data &#038; the Future of Humanitarian Action\u201d<\/h5><p class=\"card-custom-agenda__description\"><\/p><div class=\"card-custom-agenda__speakers\"><span><\/span><p class='card-custom-agenda__speaker'>\n\t\t\t<a href='#speakerModal33875' data-lity>Major H.E. Mohammed Omar Almuhairi&nbsp;|&nbsp;<small>Head of Unmanned Aerial Systems Center &#8211; General Department of Operations, Dubai Police.<\/small><small class='ehome_speaker_country' style='display:none;'>&nbsp;| United Arab Emirates<\/small><\/a><\/p><!--speaker modal-->\n\t\t\t<div id='speakerModal33875' class='lity-hide litymodal'>\n\n\t\t\t\t\t<div class='speaker-wrapper'>\n\t\t\t\t\t\n\t\t\t\t\t<div class ='speaker-wrapper__heading'>\n\t\t\t\t\t<img class='speaker-wrapper__img' src='https:\/\/index-s3-images-static-content.s3.eu-west-1.amazonaws.com\/images\/speakers\/ZDDm1hXba6JofxdAYMP0b15T4IaiArM2kQ9nMeV9.png' alt='H.E. Mohammed'>\n\t\t\t\t\t\t\n\t\t\t\t\t\t<div class ='speaker-wrapper__subdetails'>\n\t\t\t\t\t\t<h5 class='speaker-wrapper__name'>Major H.E. Mohammed Omar Almuhairi<\/h5>\n\t\t\t\t\t\t<h6 class='speaker-wrapper__title'>Head of Unmanned Aerial Systems Center &#8211; General Department of Operations, Dubai Police.<\/span> <span class='ehome_speaker_country' style='display:none;'>| United Arab Emirates<\/span><\/h6>\n\t\t\t\t\t\t<\/div>\n\t\t\t\t\t<\/div>\n\t\t\t\t\t\t<p class='speaker-wrapper__desc'>Major Engineer Mohammed Omar Al Muhairi, Director of the Drone Systems Center at the General Department of Operations, Dubai Police, and a specialist in Artificial Intelligence Engineering. He has extensive experience in the development and deployment of drones, intelligent systems, and autonomous technologies in the security sector. He leads drone operations and counter-drone systems across the Emirate of Dubai. He has also contributed to the development of the \u201cDrone Box\u201d system, which supports rapid response to incidents and emergencies while enhancing the efficiency of police operations, security, and public safety. Major Al Muhairi is recognized as a specialist in drone technologies, artificial intelligence, and their applications in future policing.<\/p>\n\t\t\t\t\t<\/div><div class='sessions'>\n\t\t\t\t\t\t<h5 class='sessions__title'>Lectures by this speaker<\/h5>\n\t\t\t\t\t\t\n\t\t\t\t\t\t<h6 class='sessions__day'>Sunday, 2026-08-23<\/h6>\n\t\t\t\t\t\t\n\t\t\t\t\t\t<div class='card-custom card-custom-agenda'>\n\t\t\t\t\t\t\t<div class='card-custom-agenda__details'>\n\t\t\t\t\t\t\t\t<h5 class='card-custom-agenda__title'>\u201cTechnology, Data &#038; the Future of Humanitarian Action\u201d<\/h5>\n\t\t\t\t\t\t\t<\/div>\n\t\t\t\t\t\t\t<div class='card-custom-agenda__time'>\n\t\t\t\t\t\t\t<h4><i class='far fa-clock'><\/i>&nbsp; 10:30 &#8211; 11:15<\/h4>\n\t\t\t\t\t\t\t<\/div>\n\t\t\t\t\t\t<\/div><\/div><\/div><!--speaker modal - litty closing--><\/div><\/div><div class=\"card-custom-agenda__time\"><h4><i class=\"far fa-clock\"><\/i>&nbsp; 10:30 &#8211; 11:15<\/h4><\/div>     <\/div><!-- card-custom-agenda --><div class=\"card-custom card-custom-agenda\">\n\t\t\t\t\t\t\t\t<div class=\"card-custom-agenda__details\"><h5 class=\"card-custom-agenda__title\">\u201cThe UAE\u2019s Humanitarian Assistance &#8211; Chivalrous Knight Operations in Gaza\u201d + Q&#038;A<\/h5><p class=\"card-custom-agenda__description\"><\/p><div class=\"card-custom-agenda__speakers\"><span><\/span><p class='card-custom-agenda__speaker'>\n\t\t\t<a href='#speakerModal33751' data-lity>Mr. Mohammed AlShareef&nbsp;|&nbsp;<small>Spokesperson for Operation Chivalrous Knight 3<\/small><small class='ehome_speaker_country' style='display:none;'>&nbsp;| United Arab Emirates<\/small><\/a><\/p><!--speaker modal-->\n\t\t\t<div id='speakerModal33751' class='lity-hide litymodal'>\n\n\t\t\t\t\t<div class='speaker-wrapper'>\n\t\t\t\t\t\n\t\t\t\t\t<div class ='speaker-wrapper__heading'>\n\t\t\t\t\t<img class='speaker-wrapper__img' src='https:\/\/index-s3-images-static-content.s3.eu-west-1.amazonaws.com\/' alt='Mohammed'>\n\t\t\t\t\t\t\n\t\t\t\t\t\t<div class ='speaker-wrapper__subdetails'>\n\t\t\t\t\t\t<h5 class='speaker-wrapper__name'>Mr. Mohammed AlShareef<\/h5>\n\t\t\t\t\t\t<h6 class='speaker-wrapper__title'>Spokesperson for Operation Chivalrous Knight 3<\/span> <span class='ehome_speaker_country' style='display:none;'>| United Arab Emirates<\/span><\/h6>\n\t\t\t\t\t\t<\/div>\n\t\t\t\t\t<\/div>\n\t\t\t\t\t\t<p class='speaker-wrapper__desc'>Mohammed Saleh Al-Sharif is a distinguished national figure and specialist in managing and coordinating international humanitarian and relief work. He holds a Master\u2019s degree in International Relations from Abu Dhabi University (2020) and is currently a PhD candidate in Risk and Crisis Management at Cairo University. His name has become closely associated with media and field oversight of urgent humanitarian, medical, and food aid delivery to countries affected by disasters and crises around the world. As the official spokesperson for Operation Chivalrous Knight 3, his leadership role reflects an unwavering commitment to noble humanitarian values and stands as a living embodiment of the message of giving and international solidarity in times of emergency to relieve stricken communities.<\/p>\n\t\t\t\t\t<\/div><div class='sessions'>\n\t\t\t\t\t\t<h5 class='sessions__title'>Sessions by this speaker<\/h5>\n\t\t\t\t\t\t\n\t\t\t<h6 class='sessions__day'>Sunday, 2026-08-23<\/h6>\n\n\t\t\t<div class='card-custom card-custom-agenda'>\n\t\t\t\t<div class='card-custom-agenda__details'>\n\t\t\t\t\t<h5 class='card-custom-agenda__title'>\u201cOperationalizing Gender Perspectives in Humanitarian Response\u201d<\/h5>\n\t\t\t\t<\/div>\n\t\t\t\t\n\t\t\t\t<div class='card-custom-agenda__time'>\n\t\t\t\t<h4><i class='far fa-clock'><\/i>&nbsp; 11:30 &#8211; 12:00<\/h4>\n\t\t\t\t<\/div>\n\t\t\t<\/div><\/div><div class='sessions'>\n\t\t\t\t\t\t<h5 class='sessions__title'>Lectures by this speaker<\/h5>\n\t\t\t\t\t\t\n\t\t\t\t\t\t<h6 class='sessions__day'>Sunday, 2026-08-23<\/h6>\n\t\t\t\t\t\t\n\t\t\t\t\t\t<div class='card-custom card-custom-agenda'>\n\t\t\t\t\t\t\t<div class='card-custom-agenda__details'>\n\t\t\t\t\t\t\t\t<h5 class='card-custom-agenda__title'>\u201cThe UAE\u2019s Chivalrous Knight Operations in Gaza\u201d<\/h5>\n\t\t\t\t\t\t\t<\/div>\n\t\t\t\t\t\t\t<div class='card-custom-agenda__time'>\n\t\t\t\t\t\t\t<h4><i class='far fa-clock'><\/i>&nbsp; 12:00 &#8211; 12:30<\/h4>\n\t\t\t\t\t\t\t<\/div>\n\t\t\t\t\t\t<\/div>\n\t\t\t\t\t\t<h6 class='sessions__day'>Sunday, 2026-08-23<\/h6>\n\t\t\t\t\t\t\n\t\t\t\t\t\t<div class='card-custom card-custom-agenda'>\n\t\t\t\t\t\t\t<div class='card-custom-agenda__details'>\n\t\t\t\t\t\t\t\t<h5 class='card-custom-agenda__title'>\u201cThe UAE\u2019s Humanitarian Assistance &#8211; Chivalrous Knight Operations in Gaza\u201d + Q&#038;A<\/h5>\n\t\t\t\t\t\t\t<\/div>\n\t\t\t\t\t\t\t<div class='card-custom-agenda__time'>\n\t\t\t\t\t\t\t<h4><i class='far fa-clock'><\/i>&nbsp; 11:15 &#8211; 12:15<\/h4>\n\t\t\t\t\t\t\t<\/div>\n\t\t\t\t\t\t<\/div><\/div><\/div><!--speaker modal - litty closing--><\/div><\/div><div class=\"card-custom-agenda__time\"><h4><i class=\"far fa-clock\"><\/i>&nbsp; 11:15 &#8211; 12:15<\/h4><\/div>     <\/div><!-- card-custom-agenda --><div class=\"card-custom card-custom-agenda\">\n\t\t\t\t\t\t\t\t<div class=\"card-custom-agenda__details\"><h5 class=\"card-custom-agenda__title\">Coffee Break and Networking<\/h5><p class=\"card-custom-agenda__description\"><\/p><div class=\"card-custom-agenda__speakers\"><\/div><\/div><div class=\"card-custom-agenda__time\"><h4><i class=\"far fa-clock\"><\/i>&nbsp; 12:15 &#8211; 12:30<\/h4><\/div>     <\/div><!-- card-custom-agenda --><div class=\"card-custom card-custom-agenda\">\n\t\t\t\t\t\t\t\t<div class=\"card-custom-agenda__details\"><h5 class=\"card-custom-agenda__title\">&#8220;Beyond Traditional Actors: Building New Humanitarian Partnerships\u201d<\/h5><p class=\"card-custom-agenda__description\"><\/p><div class=\"card-custom-agenda__speakers\"><span><\/span><p class='card-custom-agenda__speaker'>\n\t\t\t<a href='#speakerModal33747' data-lity>Mr. Samer AbdelJaber&nbsp;|&nbsp;<small>United Nations World Food Programme (WFP) Regional Director for the Middle East and Northern Africa and Eastern Europe<\/small><small class='ehome_speaker_country' style='display:none;'>&nbsp;| United Arab Emirates<\/small><\/a><\/p><!--speaker modal-->\n\t\t\t<div id='speakerModal33747' class='lity-hide litymodal'>\n\n\t\t\t\t\t<div class='speaker-wrapper'>\n\t\t\t\t\t\n\t\t\t\t\t<div class ='speaker-wrapper__heading'>\n\t\t\t\t\t<img class='speaker-wrapper__img' src='https:\/\/index-s3-images-static-content.s3.eu-west-1.amazonaws.com\/images\/speakers\/9jt5zWl5HMV0i1oYX6eCwozyj8K7EIgiDM4GNrZJ.png' alt='Samer'>\n\t\t\t\t\t\t\n\t\t\t\t\t\t<div class ='speaker-wrapper__subdetails'>\n\t\t\t\t\t\t<h5 class='speaker-wrapper__name'>Mr. Samer AbdelJaber<\/h5>\n\t\t\t\t\t\t<h6 class='speaker-wrapper__title'>United Nations World Food Programme (WFP) Regional Director for the Middle East and Northern Africa and Eastern Europe<\/span> <span class='ehome_speaker_country' style='display:none;'>| United Arab Emirates<\/span><\/h6>\n\t\t\t\t\t\t<\/div>\n\t\t\t\t\t<\/div>\n\t\t\t\t\t\t<p class='speaker-wrapper__desc'>Samer AbdelJaber is the World Food Programme\u2019s (WFP) Regional Director for the Middle East, Northern Africa and Eastern Europe, a role he has held since June 2025. Mr. AbdelJaber facilitates coordination and dissemination of strategic guidance to Coun- try Offices across the region, strengthening operational effectiveness and performance. Mr. AbdelJaber represents the WFP in engagement with key stakeholders across the region to enhance strategic partnerships, resource mobilization efforts and inter-agency coordination to advance WFP\u2019s mission in the region.A Jordanian national, Samer brings over two decades of humanitarian and development leadership across the region and beyond.\n\nPrior to his current appointment, he served as Director of the Office of the Deputy Executive Director and as WFP\u2019s Director of Emergencies in the Office of the Deputy Executive Director and Chief Operating Officer at WFP Headquarters. In this role, he played a central part in shaping the organization&#8217;s global emergency preparedness and response architecture.<\/p>\n\t\t\t\t\t<\/div><div class='sessions'>\n\t\t\t\t\t\t<h5 class='sessions__title'>Sessions by this speaker<\/h5>\n\t\t\t\t\t\t\n\t\t\t<h6 class='sessions__day'>Sunday, 2026-08-23<\/h6>\n\n\t\t\t<div class='card-custom card-custom-agenda'>\n\t\t\t\t<div class='card-custom-agenda__details'>\n\t\t\t\t\t<h5 class='card-custom-agenda__title'>Session 1<\/h5>\n\t\t\t\t<\/div>\n\t\t\t\t\n\t\t\t\t<div class='card-custom-agenda__time'>\n\t\t\t\t<h4><i class='far fa-clock'><\/i>&nbsp; 10:00 &#8211; 11:00<\/h4>\n\t\t\t\t<\/div>\n\t\t\t<\/div><\/div><div class='sessions'>\n\t\t\t\t\t\t<h5 class='sessions__title'>Lectures by this speaker<\/h5>\n\t\t\t\t\t\t\n\t\t\t\t\t\t<h6 class='sessions__day'>Sunday, 2026-08-23<\/h6>\n\t\t\t\t\t\t\n\t\t\t\t\t\t<div class='card-custom card-custom-agenda'>\n\t\t\t\t\t\t\t<div class='card-custom-agenda__details'>\n\t\t\t\t\t\t\t\t<h5 class='card-custom-agenda__title'>\u201cBeyond Traditional Actors: Building New Humanitarian Partnerships\u201d<\/h5>\n\t\t\t\t\t\t\t<\/div>\n\t\t\t\t\t\t\t<div class='card-custom-agenda__time'>\n\t\t\t\t\t\t\t<h4><i class='far fa-clock'><\/i>&nbsp; 10:00 &#8211; 11:00<\/h4>\n\t\t\t\t\t\t\t<\/div>\n\t\t\t\t\t\t<\/div>\n\t\t\t\t\t\t<h6 class='sessions__day'>Sunday, 2026-08-23<\/h6>\n\t\t\t\t\t\t\n\t\t\t\t\t\t<div class='card-custom card-custom-agenda'>\n\t\t\t\t\t\t\t<div class='card-custom-agenda__details'>\n\t\t\t\t\t\t\t\t<h5 class='card-custom-agenda__title'>&#8220;Beyond Traditional Actors: Building New Humanitarian Partnerships\u201d<\/h5>\n\t\t\t\t\t\t\t<\/div>\n\t\t\t\t\t\t\t<div class='card-custom-agenda__time'>\n\t\t\t\t\t\t\t<h4><i class='far fa-clock'><\/i>&nbsp; 12:30 &#8211; 13:30<\/h4>\n\t\t\t\t\t\t\t<\/div>\n\t\t\t\t\t\t<\/div><\/div><\/div><!--speaker modal - litty closing--><span><\/span><p class='card-custom-agenda__speaker'>\n\t\t\t<a href='#speakerModal33876' data-lity>Ms. Shaden khallaf&nbsp;|&nbsp;<small>Senior Executive, Public Policy, Government Affairs, Social Impact, and Communications<\/small><small class='ehome_speaker_country' style='display:none;'>&nbsp;| United Arab Emirates<\/small><\/a><\/p><!--speaker modal-->\n\t\t\t<div id='speakerModal33876' class='lity-hide litymodal'>\n\n\t\t\t\t\t<div class='speaker-wrapper'>\n\t\t\t\t\t\n\t\t\t\t\t<div class ='speaker-wrapper__heading'>\n\t\t\t\t\t<img class='speaker-wrapper__img' src='https:\/\/index-s3-images-static-content.s3.eu-west-1.amazonaws.com\/images\/speakers\/LoF424lhHStzTZmgYt84q22t2ovDGUBO48Y2gpKB.png' alt='Shaden'>\n\t\t\t\t\t\t\n\t\t\t\t\t\t<div class ='speaker-wrapper__subdetails'>\n\t\t\t\t\t\t<h5 class='speaker-wrapper__name'>Ms. Shaden khallaf<\/h5>\n\t\t\t\t\t\t<h6 class='speaker-wrapper__title'>Senior Executive, Public Policy, Government Affairs, Social Impact, and Communications<\/span> <span class='ehome_speaker_country' style='display:none;'>| United Arab Emirates<\/span><\/h6>\n\t\t\t\t\t\t<\/div>\n\t\t\t\t\t<\/div>\n\t\t\t\t\t\t<p class='speaker-wrapper__desc'>Shaden Khallaf is an international executive with over 20 years of experience at the intersection of public policy, emerging technology, and humanitarian diplomacy. She most recently served as the Senior Regional Director for Public Policy, Government Affairs, Social Impact, and Communications at Careem Technologies (Uber), where she navigated complex regulatory landscapes to drive digital inclusion and socio-economic growth across the Middle East and North Africa. Throughout her career at the United Nations, experience in academia, and dive into the world of Big Tech at Meta, Shaden has become an authoritative voice for inclusive policy design and innovation. She has successfully brokered high-stakes partnerships with heads of state, ministers, and international bodies like the World Food Programme and UN Tourism. Seeking to advance the architecture of the digital future of the MENA region, Shaden\u2019s work is defined by a unique ability to translate corporate scale into measurable socioeconomic and developmental impact, while safeguarding business goals and growth.<\/p>\n\t\t\t\t\t<\/div><div class='sessions'>\n\t\t\t\t\t\t<h5 class='sessions__title'>Lectures by this speaker<\/h5>\n\t\t\t\t\t\t\n\t\t\t\t\t\t<h6 class='sessions__day'>Sunday, 2026-08-23<\/h6>\n\t\t\t\t\t\t\n\t\t\t\t\t\t<div class='card-custom card-custom-agenda'>\n\t\t\t\t\t\t\t<div class='card-custom-agenda__details'>\n\t\t\t\t\t\t\t\t<h5 class='card-custom-agenda__title'>&#8220;Beyond Traditional Actors: Building New Humanitarian Partnerships\u201d<\/h5>\n\t\t\t\t\t\t\t<\/div>\n\t\t\t\t\t\t\t<div class='card-custom-agenda__time'>\n\t\t\t\t\t\t\t<h4><i class='far fa-clock'><\/i>&nbsp; 12:30 &#8211; 13:30<\/h4>\n\t\t\t\t\t\t\t<\/div>\n\t\t\t\t\t\t<\/div><\/div><\/div><!--speaker modal - litty closing--><span><\/span><p class='card-custom-agenda__speaker'>\n\t\t\t<a href='#speakerModal33877' data-lity>Ms. Ad\u00e8le Guidot&nbsp;|&nbsp;<small>The Deputy Executive Director of Global Compact Network UAE<\/small><small class='ehome_speaker_country' style='display:none;'>&nbsp;| United Arab Emirates<\/small><\/a><\/p><!--speaker modal-->\n\t\t\t<div id='speakerModal33877' class='lity-hide litymodal'>\n\n\t\t\t\t\t<div class='speaker-wrapper'>\n\t\t\t\t\t\n\t\t\t\t\t<div class ='speaker-wrapper__heading'>\n\t\t\t\t\t<img class='speaker-wrapper__img' src='https:\/\/index-s3-images-static-content.s3.eu-west-1.amazonaws.com\/images\/speakers\/Qd6sqq14o8ylDSx2P2vlDmbDcMGiPyMwLzPTntgU.png' alt='Ad\u00e8le'>\n\t\t\t\t\t\t\n\t\t\t\t\t\t<div class ='speaker-wrapper__subdetails'>\n\t\t\t\t\t\t<h5 class='speaker-wrapper__name'>Ms. Ad\u00e8le Guidot<\/h5>\n\t\t\t\t\t\t<h6 class='speaker-wrapper__title'>The Deputy Executive Director of Global Compact Network UAE<\/span> <span class='ehome_speaker_country' style='display:none;'>| United Arab Emirates<\/span><\/h6>\n\t\t\t\t\t\t<\/div>\n\t\t\t\t\t<\/div>\n\t\t\t\t\t\t<p class='speaker-wrapper__desc'>Ad\u00e8le Guidot is the Deputy Executive Director at the United Nations Global Compact Network in the UAE. In her current role, she supports the Network\u2019s strategic development and operations and manages and develops its climate and social portfolio to scale up corporate target setting in line with government priorities, the Sustainable Development Goals (SDGs), and the UN Global Compact\u2019s Ten Principles on human rights, environment, labour, and anti-corruption. She holds a Master of Science in International Development from the University of Edinburgh and a Bachelor of Arts in Geography from Paris Sorbonne University.<\/p>\n\t\t\t\t\t<\/div><div class='sessions'>\n\t\t\t\t\t\t<h5 class='sessions__title'>Lectures by this speaker<\/h5>\n\t\t\t\t\t\t\n\t\t\t\t\t\t<h6 class='sessions__day'>Sunday, 2026-08-23<\/h6>\n\t\t\t\t\t\t\n\t\t\t\t\t\t<div class='card-custom card-custom-agenda'>\n\t\t\t\t\t\t\t<div class='card-custom-agenda__details'>\n\t\t\t\t\t\t\t\t<h5 class='card-custom-agenda__title'>&#8220;Beyond Traditional Actors: Building New Humanitarian Partnerships\u201d<\/h5>\n\t\t\t\t\t\t\t<\/div>\n\t\t\t\t\t\t\t<div class='card-custom-agenda__time'>\n\t\t\t\t\t\t\t<h4><i class='far fa-clock'><\/i>&nbsp; 12:30 &#8211; 13:30<\/h4>\n\t\t\t\t\t\t\t<\/div>\n\t\t\t\t\t\t<\/div><\/div><\/div><!--speaker modal - litty closing--><span><\/span><p class='card-custom-agenda__speaker'>\n\t\t\t<a href='#speakerModal33748' data-lity>Mr. Noor Bukhammas&nbsp;|&nbsp;<small>DIHAD College Student, Strategic Liaison Officer at the United Nations World Food Programme (WFP)\u200f &#8211; Moderator<\/small><small class='ehome_speaker_country' style='display:none;'>&nbsp;| United Arab Emirates<\/small><\/a><\/p><!--speaker modal-->\n\t\t\t<div id='speakerModal33748' class='lity-hide litymodal'>\n\n\t\t\t\t\t<div class='speaker-wrapper'>\n\t\t\t\t\t\n\t\t\t\t\t<div class ='speaker-wrapper__heading'>\n\t\t\t\t\t<img class='speaker-wrapper__img' src='https:\/\/index-s3-images-static-content.s3.eu-west-1.amazonaws.com\/images\/speakers\/vwLSD1xQDMsDCduEKRVFLlU0w5WEdeUayOSIINKd.png' alt='Noor'>\n\t\t\t\t\t\t\n\t\t\t\t\t\t<div class ='speaker-wrapper__subdetails'>\n\t\t\t\t\t\t<h5 class='speaker-wrapper__name'>Mr. Noor Bukhammas<\/h5>\n\t\t\t\t\t\t<h6 class='speaker-wrapper__title'>DIHAD College Student, Strategic Liaison Officer at the United Nations World Food Programme (WFP)\u200f &#8211; Moderator<\/span> <span class='ehome_speaker_country' style='display:none;'>| United Arab Emirates<\/span><\/h6>\n\t\t\t\t\t\t<\/div>\n\t\t\t\t\t<\/div>\n\t\t\t\t\t\t<p class='speaker-wrapper__desc'>Noor Bukhammas is a young humanitarian with a deep interest in the intersection of international development, politics, and history. She currently serves as a Strategic Liaison Officer at the World Food Programme&#8217;s (WFP) GCC Global Office, where she focuses on nurturing relationships with government partners. Most recently returning from two missions in Uganda. Noor began her journey in the humanitarian sector as the first Emirati intern at the UN Office for the Coordination of Humanitarian Affairs (OCHA) in the UAE and later held a position as a Senior External Relations Associate at the UN High Commissioner for Refugees. She is also a member of the Arab Youth Centre&#8217;s inaugural cohort of &#8220;Arab Youth Leading in the Third Sector and a Global Shaper at the World Economic Forum Global Shapers Hub in Dubai.\n\nNoor graduated from New York University Abu Dhabi with a double major in Political Science and History. During her time at university, she conducted field research in Zambia, interned at the UAE Ministry of Culture and the World Wildlife Fund, and worked as a research assistant on various projects, including qualitative, quantitative, and archival research on the history of the Gulf and the broader Arab world, as well as an experimental archaeology project currently displayed in the Zayed National Museum.\n\nAs the world continues to grapple with the most pressing humanitarian, climate, and protracted crises, Noor hopes to continue to make a place for young Emiratis in the humanitarian and international development ecosystem.<\/p>\n\t\t\t\t\t<\/div><div class='sessions'>\n\t\t\t\t\t\t<h5 class='sessions__title'>Sessions by this speaker<\/h5>\n\t\t\t\t\t\t\n\t\t\t<h6 class='sessions__day'>Sunday, 2026-08-23<\/h6>\n\n\t\t\t<div class='card-custom card-custom-agenda'>\n\t\t\t\t<div class='card-custom-agenda__details'>\n\t\t\t\t\t<h5 class='card-custom-agenda__title'>Session 1<\/h5>\n\t\t\t\t<\/div>\n\t\t\t\t\n\t\t\t\t<div class='card-custom-agenda__time'>\n\t\t\t\t<h4><i class='far fa-clock'><\/i>&nbsp; 10:00 &#8211; 11:00<\/h4>\n\t\t\t\t<\/div>\n\t\t\t<\/div><\/div><div class='sessions'>\n\t\t\t\t\t\t<h5 class='sessions__title'>Lectures by this speaker<\/h5>\n\t\t\t\t\t\t\n\t\t\t\t\t\t<h6 class='sessions__day'>Sunday, 2026-08-23<\/h6>\n\t\t\t\t\t\t\n\t\t\t\t\t\t<div class='card-custom card-custom-agenda'>\n\t\t\t\t\t\t\t<div class='card-custom-agenda__details'>\n\t\t\t\t\t\t\t\t<h5 class='card-custom-agenda__title'>\u201cBeyond Traditional Actors: Building New Humanitarian Partnerships\u201d<\/h5>\n\t\t\t\t\t\t\t<\/div>\n\t\t\t\t\t\t\t<div class='card-custom-agenda__time'>\n\t\t\t\t\t\t\t<h4><i class='far fa-clock'><\/i>&nbsp; 10:00 &#8211; 11:00<\/h4>\n\t\t\t\t\t\t\t<\/div>\n\t\t\t\t\t\t<\/div>\n\t\t\t\t\t\t<h6 class='sessions__day'>Sunday, 2026-08-23<\/h6>\n\t\t\t\t\t\t\n\t\t\t\t\t\t<div class='card-custom card-custom-agenda'>\n\t\t\t\t\t\t\t<div class='card-custom-agenda__details'>\n\t\t\t\t\t\t\t\t<h5 class='card-custom-agenda__title'>&#8220;Beyond Traditional Actors: Building New Humanitarian Partnerships\u201d<\/h5>\n\t\t\t\t\t\t\t<\/div>\n\t\t\t\t\t\t\t<div class='card-custom-agenda__time'>\n\t\t\t\t\t\t\t<h4><i class='far fa-clock'><\/i>&nbsp; 12:30 &#8211; 13:30<\/h4>\n\t\t\t\t\t\t\t<\/div>\n\t\t\t\t\t\t<\/div><\/div><\/div><!--speaker modal - litty closing--><\/div><\/div><div class=\"card-custom-agenda__time\"><h4><i class=\"far fa-clock\"><\/i>&nbsp; 12:30 &#8211; 13:30<\/h4><\/div>     <\/div><!-- card-custom-agenda --><div class=\"card-custom card-custom-agenda\">\n\t\t\t\t\t\t\t\t<div class=\"card-custom-agenda__details\"><h5 class=\"card-custom-agenda__title\">\u201cOperationalizing Gender Perspectives in Humanitarian Response\u201d<\/h5><p class=\"card-custom-agenda__description\"><\/p><div class=\"card-custom-agenda__speakers\"><span><\/span><p class='card-custom-agenda__speaker'>\n\t\t\t<a href='#speakerModal33750' data-lity>Dr. Moez Doraid&nbsp;|&nbsp;<small>Regional Director for the Arab States, UN Women<\/small><small class='ehome_speaker_country' style='display:none;'>&nbsp;| United Arab Emirates<\/small><\/a><\/p><!--speaker modal-->\n\t\t\t<div id='speakerModal33750' class='lity-hide litymodal'>\n\n\t\t\t\t\t<div class='speaker-wrapper'>\n\t\t\t\t\t\n\t\t\t\t\t<div class ='speaker-wrapper__heading'>\n\t\t\t\t\t<img class='speaker-wrapper__img' src='https:\/\/index-s3-images-static-content.s3.eu-west-1.amazonaws.com\/images\/speakers\/eCsRkughQdWT3bHesSxwip92aN0F9Sf5D1SswAVJ.png' alt='Moez'>\n\t\t\t\t\t\t\n\t\t\t\t\t\t<div class ='speaker-wrapper__subdetails'>\n\t\t\t\t\t\t<h5 class='speaker-wrapper__name'>Dr. Moez Doraid<\/h5>\n\t\t\t\t\t\t<h6 class='speaker-wrapper__title'>Regional Director for the Arab States, UN Women<\/span> <span class='ehome_speaker_country' style='display:none;'>| United Arab Emirates<\/span><\/h6>\n\t\t\t\t\t\t<\/div>\n\t\t\t\t\t<\/div>\n\t\t\t\t\t\t<p class='speaker-wrapper__desc'>Dr. Moez Doraid (Egypt) is the UN Women Regional Director for the Arab States.Dr. Doraid was UN Women\u2019s Regional Director for the Arab States, ad interim, and the Director of Management and Administration at UN Women\u2019s Headquarters between 1 July 2024 and 30 September 2025. Between May and November 2023, he served as UN Assistant Secretary General a.i. and UN Women Deputy Executive Director for UN Coordination, Partnerships, Resources and Sustainability, a.i.\n\nDr. Doraid has held progressively responsible positions across the UN system over three decades working in Arab States, Asia, Africa, and at headquarters in New York. For much of the period 2019 -22, he served as UN Women\u2019s Regional Director, a.i., for Arab States, then for East and Southern Africa. More recently, he served as UN Women\u2019s Country Director, a.i., Afghanistan. Dr. Doraid has led the formulation and implementation of UN Women\u2019s strategy to support Arab then East and Southern African countries in their emergency responses to and recovery from the COVID-19 pandemic. As Regional Director he prioritized support to countries in crisis and post-conflict recovery, including in Syria, Yemen, Libya, Iraq, Ethiopia, South Sudan, Somalia, and Mozambique.<\/p>\n\t\t\t\t\t<\/div><div class='sessions'>\n\t\t\t\t\t\t<h5 class='sessions__title'>Sessions by this speaker<\/h5>\n\t\t\t\t\t\t\n\t\t\t<h6 class='sessions__day'>Sunday, 2026-08-23<\/h6>\n\n\t\t\t<div class='card-custom card-custom-agenda'>\n\t\t\t\t<div class='card-custom-agenda__details'>\n\t\t\t\t\t<h5 class='card-custom-agenda__title'>\u201cOperationalizing Gender Perspectives in Humanitarian Response\u201d<\/h5>\n\t\t\t\t<\/div>\n\t\t\t\t\n\t\t\t\t<div class='card-custom-agenda__time'>\n\t\t\t\t<h4><i class='far fa-clock'><\/i>&nbsp; 11:30 &#8211; 12:00<\/h4>\n\t\t\t\t<\/div>\n\t\t\t<\/div><\/div><div class='sessions'>\n\t\t\t\t\t\t<h5 class='sessions__title'>Lectures by this speaker<\/h5>\n\t\t\t\t\t\t\n\t\t\t\t\t\t<h6 class='sessions__day'>Sunday, 2026-08-23<\/h6>\n\t\t\t\t\t\t\n\t\t\t\t\t\t<div class='card-custom card-custom-agenda'>\n\t\t\t\t\t\t\t<div class='card-custom-agenda__details'>\n\t\t\t\t\t\t\t\t<h5 class='card-custom-agenda__title'>\u201cOperationalizing Gender Perspectives in Humanitarian Response\u201d<\/h5>\n\t\t\t\t\t\t\t<\/div>\n\t\t\t\t\t\t\t<div class='card-custom-agenda__time'>\n\t\t\t\t\t\t\t<h4><i class='far fa-clock'><\/i>&nbsp; 11:30 &#8211; 12:00<\/h4>\n\t\t\t\t\t\t\t<\/div>\n\t\t\t\t\t\t<\/div>\n\t\t\t\t\t\t<h6 class='sessions__day'>Sunday, 2026-08-23<\/h6>\n\t\t\t\t\t\t\n\t\t\t\t\t\t<div class='card-custom card-custom-agenda'>\n\t\t\t\t\t\t\t<div class='card-custom-agenda__details'>\n\t\t\t\t\t\t\t\t<h5 class='card-custom-agenda__title'>\u201cOperationalizing Gender Perspectives in Humanitarian Response\u201d<\/h5>\n\t\t\t\t\t\t\t<\/div>\n\t\t\t\t\t\t\t<div class='card-custom-agenda__time'>\n\t\t\t\t\t\t\t<h4><i class='far fa-clock'><\/i>&nbsp; 13:30 &#8211; 14:00<\/h4>\n\t\t\t\t\t\t\t<\/div>\n\t\t\t\t\t\t<\/div><\/div><\/div><!--speaker modal - litty closing--><\/div><\/div><div class=\"card-custom-agenda__time\"><h4><i class=\"far fa-clock\"><\/i>&nbsp; 13:30 &#8211; 14:00<\/h4><\/div>     <\/div><!-- card-custom-agenda --><div class=\"card-custom card-custom-agenda\">\n\t\t\t\t\t\t\t\t<div class=\"card-custom-agenda__details\"><h5 class=\"card-custom-agenda__title\">Lunch Break and Networking<\/h5><p class=\"card-custom-agenda__description\"><\/p><div class=\"card-custom-agenda__speakers\"><\/div><\/div><div class=\"card-custom-agenda__time\"><h4><i class=\"far fa-clock\"><\/i>&nbsp; 14:00 &#8211; 15:00<\/h4><\/div>     <\/div><!-- card-custom-agenda --><div class=\"card-custom card-custom-agenda\">\n\t\t\t\t\t\t\t\t<div class=\"card-custom-agenda__details\"><h5 class=\"card-custom-agenda__title\">\u201cThe Role of Humanitarian Diplomacy in a Changing Landscape: Navigating the Humanitarian Reset and the UN reform\u201d<\/h5><p class=\"card-custom-agenda__description\"><\/p><div class=\"card-custom-agenda__speakers\"><span><\/span><p class='card-custom-agenda__speaker'>\n\t\t\t<a href='#speakerModal33753' data-lity>Ms. B\u00e9rang\u00e8re B\u00f6ell&nbsp;|&nbsp;<small>United Nations Resident Coordinator for the UAE<\/small><small class='ehome_speaker_country' style='display:none;'>&nbsp;| United Arab Emirates<\/small><\/a><\/p><!--speaker modal-->\n\t\t\t<div id='speakerModal33753' class='lity-hide litymodal'>\n\n\t\t\t\t\t<div class='speaker-wrapper'>\n\t\t\t\t\t\n\t\t\t\t\t<div class ='speaker-wrapper__heading'>\n\t\t\t\t\t<img class='speaker-wrapper__img' src='https:\/\/index-s3-images-static-content.s3.eu-west-1.amazonaws.com\/images\/speakers\/AKbs95D5BtFZlqXHMaVM9uwejPeqVwv6a5mpuLPo.png' alt='B\u00e9rang\u00e8re'>\n\t\t\t\t\t\t\n\t\t\t\t\t\t<div class ='speaker-wrapper__subdetails'>\n\t\t\t\t\t\t<h5 class='speaker-wrapper__name'>Ms. B\u00e9rang\u00e8re B\u00f6ell<\/h5>\n\t\t\t\t\t\t<h6 class='speaker-wrapper__title'>United Nations Resident Coordinator for the UAE<\/span> <span class='ehome_speaker_country' style='display:none;'>| United Arab Emirates<\/span><\/h6>\n\t\t\t\t\t\t<\/div>\n\t\t\t\t\t<\/div>\n\t\t\t\t\t\t<p class='speaker-wrapper__desc'>Ms. B\u00e9rang\u00e8re B\u00f6ell, United Nations Resident Coordinator for UAE, of France brings 23 years of experience in international development and humanitarian cooperation. She held management and leadership positions within the UN for 19 years, developing strong skills in strategic planning, coordination, policy dialogue, emergency preparedness, risk management, advocacy and resource mobilization in the Middle East and Africa. She is a strong advocate of the 2030 Agenda and LNOB.\n\nPrior to her assignment as the UN RC for UAE, Ms. B\u00f6ell served at UNFPA as Representative in Mozambique. She formerly led UNFPA Country Offices in DPRK, Libya and Morocco, promoting interagency collaboration and cooperation in several areas. She also served as UNFPA Regional Advisor in East and Southern Africa, developing strategic and innovative partnerships and mobilizing substantial resources for 21 countries of the region.<\/p>\n\t\t\t\t\t<\/div><div class='sessions'>\n\t\t\t\t\t\t<h5 class='sessions__title'>Sessions by this speaker<\/h5>\n\t\t\t\t\t\t\n\t\t\t<h6 class='sessions__day'>Sunday, 2026-08-23<\/h6>\n\n\t\t\t<div class='card-custom card-custom-agenda'>\n\t\t\t\t<div class='card-custom-agenda__details'>\n\t\t\t\t\t<h5 class='card-custom-agenda__title'>\u201cThe Role of Humanitarian Diplomacy in a Changing Landscape: Navigating the Humanitarian Reset\u201d<\/h5>\n\t\t\t\t<\/div>\n\t\t\t\t\n\t\t\t\t<div class='card-custom-agenda__time'>\n\t\t\t\t<h4><i class='far fa-clock'><\/i>&nbsp; 14:00 &#8211; 15:00<\/h4>\n\t\t\t\t<\/div>\n\t\t\t<\/div><\/div><div class='sessions'>\n\t\t\t\t\t\t<h5 class='sessions__title'>Lectures by this speaker<\/h5>\n\t\t\t\t\t\t\n\t\t\t\t\t\t<h6 class='sessions__day'>Sunday, 2026-08-23<\/h6>\n\t\t\t\t\t\t\n\t\t\t\t\t\t<div class='card-custom card-custom-agenda'>\n\t\t\t\t\t\t\t<div class='card-custom-agenda__details'>\n\t\t\t\t\t\t\t\t<h5 class='card-custom-agenda__title'>\u201cThe Role of Humanitarian Diplomacy in a Changing Landscape: Navigating the Humanitarian Reset\u201d<\/h5>\n\t\t\t\t\t\t\t<\/div>\n\t\t\t\t\t\t\t<div class='card-custom-agenda__time'>\n\t\t\t\t\t\t\t<h4><i class='far fa-clock'><\/i>&nbsp; 14:00 &#8211; 15:00<\/h4>\n\t\t\t\t\t\t\t<\/div>\n\t\t\t\t\t\t<\/div>\n\t\t\t\t\t\t<h6 class='sessions__day'>Sunday, 2026-08-23<\/h6>\n\t\t\t\t\t\t\n\t\t\t\t\t\t<div class='card-custom card-custom-agenda'>\n\t\t\t\t\t\t\t<div class='card-custom-agenda__details'>\n\t\t\t\t\t\t\t\t<h5 class='card-custom-agenda__title'>\u201cThe Role of Humanitarian Diplomacy in a Changing Landscape: Navigating the Humanitarian Reset and the UN reform\u201d<\/h5>\n\t\t\t\t\t\t\t<\/div>\n\t\t\t\t\t\t\t<div class='card-custom-agenda__time'>\n\t\t\t\t\t\t\t<h4><i class='far fa-clock'><\/i>&nbsp; 15:00 &#8211; 15:30<\/h4>\n\t\t\t\t\t\t\t<\/div>\n\t\t\t\t\t\t<\/div><\/div><\/div><!--speaker modal - litty closing--><\/div><\/div><div class=\"card-custom-agenda__time\"><h4><i class=\"far fa-clock\"><\/i>&nbsp; 15:00 &#8211; 15:30<\/h4><\/div>     <\/div><!-- card-custom-agenda --><div class=\"card-custom card-custom-agenda\">\n\t\t\t\t\t\t\t\t<div class=\"card-custom-agenda__details\"><h5 class=\"card-custom-agenda__title\">\u201cExploring Innovative Financing Approaches for Humanitarian Action\u201d<\/h5><p class=\"card-custom-agenda__description\"><\/p><div class=\"card-custom-agenda__speakers\"><span><\/span><p class='card-custom-agenda__speaker'>\n\t\t\t<a href='#speakerModal33878' data-lity>Dr. Adnan Aziz&nbsp;|&nbsp;<small>Secretary-General &#038; Chief Program Officer of the Global Islamic Finance Impact Program for Climate, Nature, and Development (GIFIP)<\/small><small class='ehome_speaker_country' style='display:none;'>&nbsp;| United Arab Emirates<\/small><\/a><\/p><!--speaker modal-->\n\t\t\t<div id='speakerModal33878' class='lity-hide litymodal'>\n\n\t\t\t\t\t<div class='speaker-wrapper'>\n\t\t\t\t\t\n\t\t\t\t\t<div class ='speaker-wrapper__heading'>\n\t\t\t\t\t<img class='speaker-wrapper__img' src='https:\/\/index-s3-images-static-content.s3.eu-west-1.amazonaws.com\/images\/speakers\/J2JLGMMGFb9w5vMxD6hUEolYZ5i4XO5y6cI4RdKP.png' alt='Adnan'>\n\t\t\t\t\t\t\n\t\t\t\t\t\t<div class ='speaker-wrapper__subdetails'>\n\t\t\t\t\t\t<h5 class='speaker-wrapper__name'>Dr. Adnan Aziz<\/h5>\n\t\t\t\t\t\t<h6 class='speaker-wrapper__title'>Secretary-General &#038; Chief Program Officer of the Global Islamic Finance Impact Program for Climate, Nature, and Development (GIFIP)<\/span> <span class='ehome_speaker_country' style='display:none;'>| United Arab Emirates<\/span><\/h6>\n\t\t\t\t\t\t<\/div>\n\t\t\t\t\t<\/div>\n\t\t\t\t\t\t<p class='speaker-wrapper__desc'>Dr Adnan Aziz is an internationally recognised Islamic finance and sustainable finance strategist with nearly three decades of experience across Islamic banking, investment structuring, capital markets, development finance, and institutional ecosystem building across the Middle East, Europe, Asia, and Africa. He has advised on and contributed to the structuring and development of multi-billion-dollar Islamic finance transactions, platforms, and institutional initiatives globally, including Islamic banking windows, investment platforms, sustainable finance structures, and blended finance ecosystems.\n\nDr Aziz is particularly recognised for his work at the intersection of: Islamic sustainable finance, climate and nature finance, blended finance, sovereign and institutional capital mobilisation, and Global South investment ecosystems.\n\nHe currently serves as the Secretary-General &#038; Chief Program Officer of the Global Islamic Finance Impact Program for Climate, Nature, and Development (GIFIP) \u2013 a Global South-led platform focused on mobilising Islamic blended finance for climate, nature, and development impact across emerging markets and OIC geographies.<\/p>\n\t\t\t\t\t<\/div><div class='sessions'>\n\t\t\t\t\t\t<h5 class='sessions__title'>Lectures by this speaker<\/h5>\n\t\t\t\t\t\t\n\t\t\t\t\t\t<h6 class='sessions__day'>Sunday, 2026-08-23<\/h6>\n\t\t\t\t\t\t\n\t\t\t\t\t\t<div class='card-custom card-custom-agenda'>\n\t\t\t\t\t\t\t<div class='card-custom-agenda__details'>\n\t\t\t\t\t\t\t\t<h5 class='card-custom-agenda__title'>\u201cExploring Innovative Financing Approaches for Humanitarian Action\u201d<\/h5>\n\t\t\t\t\t\t\t<\/div>\n\t\t\t\t\t\t\t<div class='card-custom-agenda__time'>\n\t\t\t\t\t\t\t<h4><i class='far fa-clock'><\/i>&nbsp; 15:30 &#8211; 16:30<\/h4>\n\t\t\t\t\t\t\t<\/div>\n\t\t\t\t\t\t<\/div><\/div><\/div><!--speaker modal - litty closing--><\/div><\/div><div class=\"card-custom-agenda__time\"><h4><i class=\"far fa-clock\"><\/i>&nbsp; 15:30 &#8211; 16:30<\/h4><\/div>     <\/div><!-- card-custom-agenda --><div class=\"card-custom card-custom-agenda\">\n\t\t\t\t\t\t\t\t<div class=\"card-custom-agenda__details\"><h5 class=\"card-custom-agenda__title\">CLOSING AND CERTIFICATE DISTRIBUTION<\/h5><p class=\"card-custom-agenda__description\"><\/p><div class=\"card-custom-agenda__speakers\"><span><\/span><p class='card-custom-agenda__speaker'>\n\t\t\t<a href='#speakerModal33755' data-lity>Ms. Sajeda Shawa&nbsp;|&nbsp;<small>Head of United Nations Office for the Coordination of Humanitarian Affairs (UN OCHA) Office in the UAE<\/small><small class='ehome_speaker_country' style='display:none;'>&nbsp;| United Arab Emirates<\/small><\/a><\/p><!--speaker modal-->\n\t\t\t<div id='speakerModal33755' class='lity-hide litymodal'>\n\n\t\t\t\t\t<div class='speaker-wrapper'>\n\t\t\t\t\t\n\t\t\t\t\t<div class ='speaker-wrapper__heading'>\n\t\t\t\t\t<img class='speaker-wrapper__img' src='https:\/\/index-s3-images-static-content.s3.eu-west-1.amazonaws.com\/images\/speakers\/lBcYO2PTCupG51m4gBqa9epSDJovp1XtQHjI9ATI.png' alt='Sajeda'>\n\t\t\t\t\t\t\n\t\t\t\t\t\t<div class ='speaker-wrapper__subdetails'>\n\t\t\t\t\t\t<h5 class='speaker-wrapper__name'>Ms. Sajeda Shawa<\/h5>\n\t\t\t\t\t\t<h6 class='speaker-wrapper__title'>Head of United Nations Office for the Coordination of Humanitarian Affairs (UN OCHA) Office in the UAE<\/span> <span class='ehome_speaker_country' style='display:none;'>| United Arab Emirates<\/span><\/h6>\n\t\t\t\t\t\t<\/div>\n\t\t\t\t\t<\/div>\n\t\t\t\t\t\t<p class='speaker-wrapper__desc'>Sajeda Shawa is a seasoned humanitarian leader with 20 years of experience in international humanitarian affairs, known for her unwavering commitment to crisis response, donor engagement, strategic partnerships and humanitarian diplomacy. A passionate Arab female advocate for communities affected by conflict, she brings deep regional expertise and a results-driven approach to mobilizing resources and amplifying impact across the humanitarian-development nexus.\n\nIn February 2023, Ms. Shawa was appointed Head of the OCHA Office in the United Arab Emirates. In this capacity, she is responsible for strengthening humanitarian coordination, advancing humanitarian diplomacy, and integrating climate action and gender-responsive approaches\u2014particularly the empowerment of women in humanitarian settings\u2014into emergency response efforts. She also focuses on supporting national policies that elevate the role of  innovation, technology, and artificial intelligence to better serve communities in need during humanitarian crises. Additionally, Ms. Shawa serves as a Board Member of the Dubai International Scientific Advisory Board (DISAB), which supports the Dubai International Humanitarian Aid and Development Conference (DIHAD) as well as an Advisory board member in the public policy school at the university of Sharjah, reinforcing her leadership in high-level humanitarian policy dialogue and strategic partnerships within the region and beyond.\n\nPrior to her current role, Ms. Shawa played a pivotal role in the Syria Crisis response at OCHA\u2019s Regional Office, where she led donor relations and resource mobilization efforts. She served concurrently as Special Advisor to the UN Assistant Secretary-General and Regional Humanitarian Coordinator for the Syria Crisis, providing strategic counsel on donor engagement, advocacy, and regional humanitarian outreach. Before joining the United Nations, Ms. Shawa worked with the European Commission\u2019s Directorate-General for European Civil Protection and Humanitarian Aid Operations (ECHO), where she managed field operations and humanitarian programs in Iraq, Egypt, Libya, Jordan, and Syria. She later spearheaded ECHO\u2019s humanitarian outreach \nstrategy to the Gulf Cooperation Council countries, strengthening engagement with key actors in Saudi Arabia, the UAE, Kuwait, and Qatar. Earlier in her career, she contributed to USAID programs focused on humanitarian and development coordination with a specific focus on private sector engagement.\nBeyond her official roles, Ms. Shawa is an active voice for women\u2019s empowerment and social impact. She is a certified Board Director (IFC, 2022) and was featured among 45 Arab women role models in Empowering Through Healthy Living \u2013 Jordan 2020. She serves on the board of the International Federation of Business and Professional Women (BPW) and is a member of its Human Rights Committee. Additionally, she contributes as a mentor to several \nleadership and youth development initiatives, including the Global Thinkers Forum\u2019s Athena Mentorship Program and BPW Jordan\u2019s HIKMA Power Meetups.\nMs. Shawa is a graduate of Harvard Kennedy School\u2019s Executive Education Program, with specializations in Public Leadership, Leadership and Character in Uncertain Times, and Leadership through Storytelling and Action. She holds a Master\u2019s degree in International Studies, with a focus on humanitarian landscape in the Gulf region post-Arab Spring, and a Bachelor&#8217;s degree in English Language and Literature. A proud mother of teenagers, she is deeply \ncommitted to empowering youth and advancing global citizenship.<\/p>\n\t\t\t\t\t<\/div><div class='sessions'>\n\t\t\t\t\t\t<h5 class='sessions__title'>Sessions by this speaker<\/h5>\n\t\t\t\t\t\t\n\t\t\t<h6 class='sessions__day'>Sunday, 2026-08-23<\/h6>\n\n\t\t\t<div class='card-custom card-custom-agenda'>\n\t\t\t\t<div class='card-custom-agenda__details'>\n\t\t\t\t\t<h5 class='card-custom-agenda__title'>OPENING REMARKS AND OUTLINE OF THE PROGRAMME<\/h5>\n\t\t\t\t<\/div>\n\t\t\t\t\n\t\t\t\t<div class='card-custom-agenda__time'>\n\t\t\t\t<h4><i class='far fa-clock'><\/i>&nbsp; 09:00 &#8211; 09:10<\/h4>\n\t\t\t\t<\/div>\n\t\t\t<\/div>\n\t\t\t<h6 class='sessions__day'>Sunday, 2026-08-23<\/h6>\n\n\t\t\t<div class='card-custom card-custom-agenda'>\n\t\t\t\t<div class='card-custom-agenda__details'>\n\t\t\t\t\t<h5 class='card-custom-agenda__title'>CLOSING AND CERTIFICATE DISTRIBUTION<\/h5>\n\t\t\t\t<\/div>\n\t\t\t\t\n\t\t\t\t<div class='card-custom-agenda__time'>\n\t\t\t\t<h4><i class='far fa-clock'><\/i>&nbsp; 16:00 &#8211; 16:30<\/h4>\n\t\t\t\t<\/div>\n\t\t\t<\/div>\n\t\t\t<h6 class='sessions__day'>Sunday, 2026-08-23<\/h6>\n\n\t\t\t<div class='card-custom card-custom-agenda'>\n\t\t\t\t<div class='card-custom-agenda__details'>\n\t\t\t\t\t<h5 class='card-custom-agenda__title'>\u201cThe Role of Humanitarian Diplomacy in a Changing Landscape: Navigating the Humanitarian Reset\u201d<\/h5>\n\t\t\t\t<\/div>\n\t\t\t\t\n\t\t\t\t<div class='card-custom-agenda__time'>\n\t\t\t\t<h4><i class='far fa-clock'><\/i>&nbsp; 14:00 &#8211; 15:00<\/h4>\n\t\t\t\t<\/div>\n\t\t\t<\/div><\/div><div class='sessions'>\n\t\t\t\t\t\t<h5 class='sessions__title'>Lectures by this speaker<\/h5>\n\t\t\t\t\t\t\n\t\t\t\t\t\t<h6 class='sessions__day'>Sunday, 2026-08-23<\/h6>\n\t\t\t\t\t\t\n\t\t\t\t\t\t<div class='card-custom card-custom-agenda'>\n\t\t\t\t\t\t\t<div class='card-custom-agenda__details'>\n\t\t\t\t\t\t\t\t<h5 class='card-custom-agenda__title'>Opening Session<\/h5>\n\t\t\t\t\t\t\t<\/div>\n\t\t\t\t\t\t\t<div class='card-custom-agenda__time'>\n\t\t\t\t\t\t\t<h4><i class='far fa-clock'><\/i>&nbsp; 09:00 &#8211; 09:10<\/h4>\n\t\t\t\t\t\t\t<\/div>\n\t\t\t\t\t\t<\/div>\n\t\t\t\t\t\t<h6 class='sessions__day'>Sunday, 2026-08-23<\/h6>\n\t\t\t\t\t\t\n\t\t\t\t\t\t<div class='card-custom card-custom-agenda'>\n\t\t\t\t\t\t\t<div class='card-custom-agenda__details'>\n\t\t\t\t\t\t\t\t<h5 class='card-custom-agenda__title'>Closing Ceremony and Certificates Distribution<\/h5>\n\t\t\t\t\t\t\t<\/div>\n\t\t\t\t\t\t\t<div class='card-custom-agenda__time'>\n\t\t\t\t\t\t\t<h4><i class='far fa-clock'><\/i>&nbsp; 17:00 &#8211; 17:15<\/h4>\n\t\t\t\t\t\t\t<\/div>\n\t\t\t\t\t\t<\/div>\n\t\t\t\t\t\t<h6 class='sessions__day'>Sunday, 2026-08-23<\/h6>\n\t\t\t\t\t\t\n\t\t\t\t\t\t<div class='card-custom card-custom-agenda'>\n\t\t\t\t\t\t\t<div class='card-custom-agenda__details'>\n\t\t\t\t\t\t\t\t<h5 class='card-custom-agenda__title'>Opening Remarks and Outline of the programme<\/h5>\n\t\t\t\t\t\t\t<\/div>\n\t\t\t\t\t\t\t<div class='card-custom-agenda__time'>\n\t\t\t\t\t\t\t<h4><i class='far fa-clock'><\/i>&nbsp; 09:00 &#8211; 09:10<\/h4>\n\t\t\t\t\t\t\t<\/div>\n\t\t\t\t\t\t<\/div>\n\t\t\t\t\t\t<h6 class='sessions__day'>Sunday, 2026-08-23<\/h6>\n\t\t\t\t\t\t\n\t\t\t\t\t\t<div class='card-custom card-custom-agenda'>\n\t\t\t\t\t\t\t<div class='card-custom-agenda__details'>\n\t\t\t\t\t\t\t\t<h5 class='card-custom-agenda__title'>\u201cThe Role of Humanitarian Diplomacy in a Changing Landscape: Navigating the Humanitarian Reset\u201d<\/h5>\n\t\t\t\t\t\t\t<\/div>\n\t\t\t\t\t\t\t<div class='card-custom-agenda__time'>\n\t\t\t\t\t\t\t<h4><i class='far fa-clock'><\/i>&nbsp; 14:00 &#8211; 15:00<\/h4>\n\t\t\t\t\t\t\t<\/div>\n\t\t\t\t\t\t<\/div>\n\t\t\t\t\t\t<h6 class='sessions__day'>Sunday, 2026-08-23<\/h6>\n\t\t\t\t\t\t\n\t\t\t\t\t\t<div class='card-custom card-custom-agenda'>\n\t\t\t\t\t\t\t<div class='card-custom-agenda__details'>\n\t\t\t\t\t\t\t\t<h5 class='card-custom-agenda__title'>Closing and Certificate Distribution<\/h5>\n\t\t\t\t\t\t\t<\/div>\n\t\t\t\t\t\t\t<div class='card-custom-agenda__time'>\n\t\t\t\t\t\t\t<h4><i class='far fa-clock'><\/i>&nbsp; 16:00 &#8211; 16:30<\/h4>\n\t\t\t\t\t\t\t<\/div>\n\t\t\t\t\t\t<\/div>\n\t\t\t\t\t\t<h6 class='sessions__day'>Sunday, 2026-08-23<\/h6>\n\t\t\t\t\t\t\n\t\t\t\t\t\t<div class='card-custom card-custom-agenda'>\n\t\t\t\t\t\t\t<div class='card-custom-agenda__details'>\n\t\t\t\t\t\t\t\t<h5 class='card-custom-agenda__title'>OPENING REMARKS AND OUTLINE OF THE PROGRAMME<\/h5>\n\t\t\t\t\t\t\t<\/div>\n\t\t\t\t\t\t\t<div class='card-custom-agenda__time'>\n\t\t\t\t\t\t\t<h4><i class='far fa-clock'><\/i>&nbsp; 09:00 &#8211; 09:15<\/h4>\n\t\t\t\t\t\t\t<\/div>\n\t\t\t\t\t\t<\/div>\n\t\t\t\t\t\t<h6 class='sessions__day'>Sunday, 2026-08-23<\/h6>\n\t\t\t\t\t\t\n\t\t\t\t\t\t<div class='card-custom card-custom-agenda'>\n\t\t\t\t\t\t\t<div class='card-custom-agenda__details'>\n\t\t\t\t\t\t\t\t<h5 class='card-custom-agenda__title'>CLOSING AND CERTIFICATE DISTRIBUTION<\/h5>\n\t\t\t\t\t\t\t<\/div>\n\t\t\t\t\t\t\t<div class='card-custom-agenda__time'>\n\t\t\t\t\t\t\t<h4><i class='far fa-clock'><\/i>&nbsp; 16:30 &#8211; 17:00<\/h4>\n\t\t\t\t\t\t\t<\/div>\n\t\t\t\t\t\t<\/div><\/div><\/div><!--speaker modal - litty closing--><\/div><\/div><div class=\"card-custom-agenda__time\"><h4><i class=\"far fa-clock\"><\/i>&nbsp; 16:30 &#8211; 17:00<\/h4><\/div>     <\/div><!-- card-custom-agenda -->\n\t\t\t<\/div><!-- session__heading end -->\n\t\t\t<\/div><!-- session__heading end -->\n\t\t\t<\/div><!-- custom-session end --><\/div><!-- Extra Div end --><\/div>\n<\/div>\t\t\t\t\t\t\t\t<\/div>\n\t\t\t\t<\/div>\n\t\t\t\t<div class=\"elementor-element elementor-element-f0d136c elementor-widget elementor-widget-spacer\" data-id=\"f0d136c\" data-element_type=\"widget\" data-widget_type=\"spacer.default\">\n\t\t\t\t<div class=\"elementor-widget-container\">\n\t\t\t\t\t\t\t<div class=\"elementor-spacer\">\n\t\t\t<div class=\"elementor-spacer-inner\"><\/div>\n\t\t<\/div>\n\t\t\t\t\t\t<\/div>\n\t\t\t\t<\/div>\n\t\t\t\t\t<\/div>\n\t\t\t\t<\/div>\n\t\t\t\t<\/div>\n\t\t","protected":false},"excerpt":{"rendered":"Sunday 23 August 2026 Executive Humanitarian Programme OPENING REMARKS AND OUTLINE OF THE PROGRAMME Ms. Sajeda Shawa&nbsp;|&nbsp;Head of United Nations Office for the Coordination of Humanitarian Affairs (UN OCHA) Office in the UAE&nbsp;| United Arab Emirates Ms. Sajeda Shawa Head of United Nations Office for the Coordination of Humanitarian Affairs [...]","protected":false},"author":1,"featured_media":0,"parent":0,"menu_order":0,"comment_status":"closed","ping_status":"closed","template":"","meta":{"_acf_changed":false,"inline_featured_image":false,"_genesis_hide_title":false,"_genesis_hide_breadcrumbs":false,"_genesis_hide_singular_image":false,"_genesis_hide_footer_widgets":false,"_genesis_custom_body_class":"","_genesis_custom_post_class":"","_genesis_layout":"full-width-content","footnotes":""},"class_list":["post-36463","page","type-page","status-publish","entry"],"acf":[],"yoast_head":"<!-- This site is optimized with the Yoast SEO plugin v25.9 - https:\/\/yoast.com\/wordpress\/plugins\/seo\/ -->\n<title>Executive Humanitarian Programme - DIHAD<\/title>\n<meta name=\"robots\" content=\"index, follow, max-snippet:-1, max-image-preview:large, max-video-preview:-1\" \/>\n<link rel=\"canonical\" href=\"https:\/\/dihad.org\/event\/executive-humanitarian-programme\/\" \/>\n<meta property=\"og:locale\" content=\"en_US\" \/>\n<meta property=\"og:type\" content=\"article\" \/>\n<meta property=\"og:title\" content=\"Executive Humanitarian Programme - DIHAD\" \/>\n<meta property=\"og:url\" content=\"https:\/\/dihad.org\/event\/executive-humanitarian-programme\/\" \/>\n<meta property=\"og:site_name\" content=\"DIHAD\" \/>\n<meta property=\"article:publisher\" content=\"https:\/\/www.facebook.com\/DUPHAT.UAE\" \/>\n<meta property=\"article:modified_time\" content=\"2026-08-17T05:19:46+00:00\" \/>\n<meta property=\"og:image\" content=\"https:\/\/dihad.org\/event\/wp-content\/uploads\/2023\/05\/Exhibition-1.jpg\" \/>\n\t<meta property=\"og:image:width\" content=\"1024\" \/>\n\t<meta property=\"og:image:height\" content=\"681\" \/>\n\t<meta property=\"og:image:type\" content=\"image\/jpeg\" \/>\n<meta name=\"twitter:card\" content=\"summary_large_image\" \/>\n<meta name=\"twitter:site\" content=\"@DUPHAT_UAE\" \/>\n<meta name=\"twitter:label1\" content=\"Est. reading time\" \/>\n\t<meta name=\"twitter:data1\" content=\"1 minute\" \/>\n<script type=\"application\/ld+json\" class=\"yoast-schema-graph\">{\"@context\":\"https:\/\/schema.org\",\"@graph\":[{\"@type\":\"WebPage\",\"@id\":\"https:\/\/dihad.org\/event\/executive-humanitarian-programme\/\",\"url\":\"https:\/\/dihad.org\/event\/executive-humanitarian-programme\/\",\"name\":\"Executive Humanitarian Programme - DIHAD\",\"isPartOf\":{\"@id\":\"https:\/\/dihad.org\/event\/#website\"},\"datePublished\":\"2026-06-25T08:05:02+00:00\",\"dateModified\":\"2026-08-17T05:19:46+00:00\",\"breadcrumb\":{\"@id\":\"https:\/\/dihad.org\/event\/executive-humanitarian-programme\/#breadcrumb\"},\"inLanguage\":\"en-US\",\"potentialAction\":[{\"@type\":\"ReadAction\",\"target\":[\"https:\/\/dihad.org\/event\/executive-humanitarian-programme\/\"]}]},{\"@type\":\"BreadcrumbList\",\"@id\":\"https:\/\/dihad.org\/event\/executive-humanitarian-programme\/#breadcrumb\",\"itemListElement\":[{\"@type\":\"ListItem\",\"position\":1,\"name\":\"Home\",\"item\":\"https:\/\/dihad.org\/event\/\"},{\"@type\":\"ListItem\",\"position\":2,\"name\":\"Executive Humanitarian Programme\"}]},{\"@type\":\"WebSite\",\"@id\":\"https:\/\/dihad.org\/event\/#website\",\"url\":\"https:\/\/dihad.org\/event\/\",\"name\":\"Dubai International Pharmaceuticals and Technologies Conference and Exhibition\",\"description\":\"Dubai International Humanitarian Aid &amp; Development Conference &amp; Exhibition\",\"publisher\":{\"@id\":\"https:\/\/dihad.org\/event\/#organization\"},\"alternateName\":\"DUPHAT\",\"potentialAction\":[{\"@type\":\"SearchAction\",\"target\":{\"@type\":\"EntryPoint\",\"urlTemplate\":\"https:\/\/dihad.org\/event\/?s={search_term_string}\"},\"query-input\":{\"@type\":\"PropertyValueSpecification\",\"valueRequired\":true,\"valueName\":\"search_term_string\"}}],\"inLanguage\":\"en-US\"},{\"@type\":\"Organization\",\"@id\":\"https:\/\/dihad.org\/event\/#organization\",\"name\":\"Dubai International Pharmaceuticals and Technologies Conference and Exhibition\",\"url\":\"https:\/\/dihad.org\/event\/\",\"logo\":{\"@type\":\"ImageObject\",\"inLanguage\":\"en-US\",\"@id\":\"https:\/\/dihad.org\/event\/#\/schema\/logo\/image\/\",\"url\":\"https:\/\/dihad.org\/event\/wp-content\/uploads\/2026\/06\/Artboard-1@3x-8-64.png\",\"contentUrl\":\"https:\/\/dihad.org\/event\/wp-content\/uploads\/2026\/06\/Artboard-1@3x-8-64.png\",\"width\":2527,\"height\":954,\"caption\":\"Dubai International Pharmaceuticals and Technologies Conference and Exhibition\"},\"image\":{\"@id\":\"https:\/\/dihad.org\/event\/#\/schema\/logo\/image\/\"},\"sameAs\":[\"https:\/\/www.facebook.com\/DUPHAT.UAE\",\"https:\/\/x.com\/DUPHAT_UAE\",\"https:\/\/www.linkedin.com\/company\/duphat-dubai\/\",\"http:\/\/instagram.com\/duphat_uae\"]}]}<\/script>\n<!-- \/ Yoast SEO plugin. -->","yoast_head_json":{"title":"Executive Humanitarian Programme - DIHAD","robots":{"index":"index","follow":"follow","max-snippet":"max-snippet:-1","max-image-preview":"max-image-preview:large","max-video-preview":"max-video-preview:-1"},"canonical":"https:\/\/dihad.org\/event\/executive-humanitarian-programme\/","og_locale":"en_US","og_type":"article","og_title":"Executive Humanitarian Programme - DIHAD","og_url":"https:\/\/dihad.org\/event\/executive-humanitarian-programme\/","og_site_name":"DIHAD","article_publisher":"https:\/\/www.facebook.com\/DUPHAT.UAE","article_modified_time":"2026-08-17T05:19:46+00:00","og_image":[{"width":1024,"height":681,"url":"https:\/\/dihad.org\/event\/wp-content\/uploads\/2023\/05\/Exhibition-1.jpg","type":"image\/jpeg"}],"twitter_card":"summary_large_image","twitter_site":"@DUPHAT_UAE","twitter_misc":{"Est. reading time":"1 minute"},"schema":{"@context":"https:\/\/schema.org","@graph":[{"@type":"WebPage","@id":"https:\/\/dihad.org\/event\/executive-humanitarian-programme\/","url":"https:\/\/dihad.org\/event\/executive-humanitarian-programme\/","name":"Executive Humanitarian Programme - DIHAD","isPartOf":{"@id":"https:\/\/dihad.org\/event\/#website"},"datePublished":"2026-06-25T08:05:02+00:00","dateModified":"2026-08-17T05:19:46+00:00","breadcrumb":{"@id":"https:\/\/dihad.org\/event\/executive-humanitarian-programme\/#breadcrumb"},"inLanguage":"en-US","potentialAction":[{"@type":"ReadAction","target":["https:\/\/dihad.org\/event\/executive-humanitarian-programme\/"]}]},{"@type":"BreadcrumbList","@id":"https:\/\/dihad.org\/event\/executive-humanitarian-programme\/#breadcrumb","itemListElement":[{"@type":"ListItem","position":1,"name":"Home","item":"https:\/\/dihad.org\/event\/"},{"@type":"ListItem","position":2,"name":"Executive Humanitarian Programme"}]},{"@type":"WebSite","@id":"https:\/\/dihad.org\/event\/#website","url":"https:\/\/dihad.org\/event\/","name":"Dubai International Pharmaceuticals and Technologies Conference and Exhibition","description":"Dubai International Humanitarian Aid &amp; Development Conference &amp; Exhibition","publisher":{"@id":"https:\/\/dihad.org\/event\/#organization"},"alternateName":"DUPHAT","potentialAction":[{"@type":"SearchAction","target":{"@type":"EntryPoint","urlTemplate":"https:\/\/dihad.org\/event\/?s={search_term_string}"},"query-input":{"@type":"PropertyValueSpecification","valueRequired":true,"valueName":"search_term_string"}}],"inLanguage":"en-US"},{"@type":"Organization","@id":"https:\/\/dihad.org\/event\/#organization","name":"Dubai International Pharmaceuticals and Technologies Conference and Exhibition","url":"https:\/\/dihad.org\/event\/","logo":{"@type":"ImageObject","inLanguage":"en-US","@id":"https:\/\/dihad.org\/event\/#\/schema\/logo\/image\/","url":"https:\/\/dihad.org\/event\/wp-content\/uploads\/2026\/06\/Artboard-1@3x-8-64.png","contentUrl":"https:\/\/dihad.org\/event\/wp-content\/uploads\/2026\/06\/Artboard-1@3x-8-64.png","width":2527,"height":954,"caption":"Dubai International Pharmaceuticals and Technologies Conference and Exhibition"},"image":{"@id":"https:\/\/dihad.org\/event\/#\/schema\/logo\/image\/"},"sameAs":["https:\/\/www.facebook.com\/DUPHAT.UAE","https:\/\/x.com\/DUPHAT_UAE","https:\/\/www.linkedin.com\/company\/duphat-dubai\/","http:\/\/instagram.com\/duphat_uae"]}]}},"_links":{"self":[{"href":"https:\/\/dihad.org\/event\/wp-json\/wp\/v2\/pages\/36463","targetHints":{"allow":["GET"]}}],"collection":[{"href":"https:\/\/dihad.org\/event\/wp-json\/wp\/v2\/pages"}],"about":[{"href":"https:\/\/dihad.org\/event\/wp-json\/wp\/v2\/types\/page"}],"author":[{"embeddable":true,"href":"https:\/\/dihad.org\/event\/wp-json\/wp\/v2\/users\/1"}],"replies":[{"embeddable":true,"href":"https:\/\/dihad.org\/event\/wp-json\/wp\/v2\/comments?post=36463"}],"version-history":[{"count":12,"href":"https:\/\/dihad.org\/event\/wp-json\/wp\/v2\/pages\/36463\/revisions"}],"predecessor-version":[{"id":37526,"href":"https:\/\/dihad.org\/event\/wp-json\/wp\/v2\/pages\/36463\/revisions\/37526"}],"wp:attachment":[{"href":"https:\/\/dihad.org\/event\/wp-json\/wp\/v2\/media?parent=36463"}],"curies":[{"name":"wp","href":"https:\/\/api.w.org\/{rel}","templated":true}]}}